{"id":15,"date":"2014-09-20T12:01:52","date_gmt":"2014-09-20T12:01:52","guid":{"rendered":"http:\/\/104.131.255.213\/specular\/shop\/?page_id=15"},"modified":"2022-09-16T13:11:10","modified_gmt":"2022-09-16T11:11:10","slug":"home","status":"publish","type":"page","link":"http:\/\/pamiatki.leszno.pl\/","title":{"rendered":"Home"},"content":{"rendered":"<p>[vc_row top_padding=&#8221;60&#8243; bottom_padding=&#8221;60&#8243;][vc_column width=&#8221;1\/3&#8243; centered_cont=&#8221;true&#8221; centered_cont_vertical=&#8221;true&#8221; css=&#8221;.vc_custom_1582799389637{border-top-width: 60px !important;border-right-width: 60px !important;border-bottom-width: 60px !important;border-left-width: 60px !important;padding-top: 60px !important;padding-right: 60px !important;padding-bottom: 60px !important;padding-left: 60px !important;background-position: 0 0 !important;background-repeat: repeat !important;}&#8221;][services_media photo=&#8221;675&#8243; link=&#8221;www.leszno.pl&#8221;][\/services_media][vc_empty_space][vc_column_text css_animation=&#8221;appear&#8221;]<\/p>\n<h2 style=\"text-align: center;\">LESZNO<\/h2>\n<p>[\/vc_column_text][\/vc_column][vc_column width=&#8221;1\/3&#8243; centered_cont=&#8221;true&#8221; centered_cont_vertical=&#8221;true&#8221; css=&#8221;.vc_custom_1582799359150{margin: 0px !important;border-width: 60px !important;padding: 60px !important;}&#8221;][services_media photo=&#8221;1083&#8243; link=&#8221;www.lesznoregion.pl&#8221;][\/services_media][vc_empty_space height=&#8221;80px&#8221;][vc_column_text css_animation=&#8221;appear&#8221;]<\/p>\n<h2 style=\"text-align: center;\">ROZWI\u0143<\/h2>\n<p>[\/vc_column_text][\/vc_column][vc_column width=&#8221;1\/3&#8243; centered_cont=&#8221;true&#8221; centered_cont_vertical=&#8221;true&#8221; css=&#8221;.vc_custom_1582799375966{margin-top: 0px !important;margin-right: 0px !important;margin-bottom: 0px !important;margin-left: 0px !important;border-top-width: 60px !important;border-right-width: 60px !important;border-bottom-width: 60px !important;border-left-width: 60px !important;padding-top: 60px !important;padding-right: 60px !important;padding-bottom: 60px !important;padding-left: 60px !important;border-radius: 1px !important;}&#8221;][services_media photo=&#8221;681&#8243; link=&#8221;www.leszno.pl&#8221;][\/services_media][vc_empty_space][vc_column_text css_animation=&#8221;appear&#8221;]<\/p>\n<h2 style=\"text-align: center;\">SKRZYD\u0141A<\/h2>\n<p>[\/vc_column_text][\/vc_column][\/vc_row][vc_row type=&#8221;full_width_background&#8221; top_padding=&#8221;0&#8243;][vc_column][separator width=&#8221;100%&#8221; height=&#8221;1px&#8221; color=&#8221;#e7e7e7&#8243;][vc_empty_space height=&#8221;10px&#8221;][vc_column_text css_animation=&#8221;left-to-right&#8221;]<\/p>\n<p style=\"text-align: center;\"><strong>NASZE PRODUKTY<\/strong><\/p>\n<p>[\/vc_column_text][\/vc_column][\/vc_row][vc_row][vc_column][\/vc_column][\/vc_row][vc_row][vc_column width=&#8221;1\/3&#8243;][\/vc_column][vc_column width=&#8221;1\/3&#8243;]<div class=\"woocommerce columns-3 \"><ul class=\"products columns-3\">\n<li class=\"first post-661 product type-product status-publish has-post-thumbnail product_cat-ksiazki  instock shipping-taxable purchasable product-type-simple\">\n\n\t<a href=\"http:\/\/pamiatki.leszno.pl\/index.php\/produkt\/kazimierz-wisniewski\/\" class=\"woocommerce-LoopProduct-link woocommerce-loop-product__link\"><img width=\"300\" height=\"300\" src=\"http:\/\/pamiatki.leszno.pl\/wp-content\/uploads\/online_041-300x300.jpg\" class=\"attachment-woocommerce_thumbnail size-woocommerce_thumbnail wp-post-image\" alt=\"\" decoding=\"async\" loading=\"lazy\" srcset=\"http:\/\/pamiatki.leszno.pl\/wp-content\/uploads\/online_041-300x300.jpg 300w, http:\/\/pamiatki.leszno.pl\/wp-content\/uploads\/online_041-150x150.jpg 150w, http:\/\/pamiatki.leszno.pl\/wp-content\/uploads\/online_041-600x600.jpg 600w, http:\/\/pamiatki.leszno.pl\/wp-content\/uploads\/online_041-350x350.jpg 350w, http:\/\/pamiatki.leszno.pl\/wp-content\/uploads\/online_041-100x100.jpg 100w\" sizes=\"(max-width: 300px) 100vw, 300px\" \/><a rel=\"nofollow\" href=\"\/index.php\/wp-json\/wp\/v2\/pages\/15?add-to-cart=661\" data-quantity=\"1\" data-product_id=\"661\" data-product_sku=\"\" class=\"button product_type_simple add_to_cart_button ajax_add_to_cart\">Dodaj do koszyka<\/a><h2 class=\"woocommerce-loop-product__title\">&#8222;Kazimierz Wi\u015bniewski ostatni komendant leszczy\u0144skiej policji przed wojn\u0105&#8221;<\/h2>\n\t<span class=\"price\"><span class=\"woocommerce-Price-amount amount\">7,88&nbsp;<span class=\"woocommerce-Price-currencySymbol\">&#122;&#322;<\/span><\/span><\/span>\n<\/a>\n<\/li>\n<li class=\"last post-475 product type-product status-publish has-post-thumbnail product_cat-ksiazki first instock shipping-taxable purchasable product-type-simple\">\n\n\t<a href=\"http:\/\/pamiatki.leszno.pl\/index.php\/produkt\/kielich-braci-czeskich\/\" class=\"woocommerce-LoopProduct-link woocommerce-loop-product__link\"><img width=\"300\" height=\"300\" src=\"http:\/\/pamiatki.leszno.pl\/wp-content\/uploads\/Kieleckich-Braci-300x300.jpg\" class=\"attachment-woocommerce_thumbnail size-woocommerce_thumbnail wp-post-image\" alt=\"\" decoding=\"async\" loading=\"lazy\" srcset=\"http:\/\/pamiatki.leszno.pl\/wp-content\/uploads\/Kieleckich-Braci-300x300.jpg 300w, http:\/\/pamiatki.leszno.pl\/wp-content\/uploads\/Kieleckich-Braci-150x150.jpg 150w, http:\/\/pamiatki.leszno.pl\/wp-content\/uploads\/Kieleckich-Braci-768x768.jpg 768w, http:\/\/pamiatki.leszno.pl\/wp-content\/uploads\/Kieleckich-Braci-600x600.jpg 600w, http:\/\/pamiatki.leszno.pl\/wp-content\/uploads\/Kieleckich-Braci-350x350.jpg 350w, http:\/\/pamiatki.leszno.pl\/wp-content\/uploads\/Kieleckich-Braci-100x100.jpg 100w, http:\/\/pamiatki.leszno.pl\/wp-content\/uploads\/Kieleckich-Braci.jpg 1000w\" sizes=\"(max-width: 300px) 100vw, 300px\" \/><a rel=\"nofollow\" href=\"\/index.php\/wp-json\/wp\/v2\/pages\/15?add-to-cart=475\" data-quantity=\"1\" data-product_id=\"475\" data-product_sku=\"\" class=\"button product_type_simple add_to_cart_button ajax_add_to_cart\">Dodaj do koszyka<\/a><h2 class=\"woocommerce-loop-product__title\">&#8222;Kielich Braci Czeskich&#8221;<\/h2>\n\t<span class=\"price\"><span class=\"woocommerce-Price-amount amount\">26,25&nbsp;<span class=\"woocommerce-Price-currencySymbol\">&#122;&#322;<\/span><\/span><\/span>\n<\/a>\n<\/li>\n<li class=\"post-473 product type-product status-publish has-post-thumbnail product_cat-ksiazki last instock shipping-taxable purchasable product-type-simple\">\n\n\t<a href=\"http:\/\/pamiatki.leszno.pl\/index.php\/produkt\/klatwa-pieczeci\/\" class=\"woocommerce-LoopProduct-link woocommerce-loop-product__link\"><img width=\"300\" height=\"300\" src=\"http:\/\/pamiatki.leszno.pl\/wp-content\/uploads\/Plapki-Czasu-300x300.jpg\" class=\"attachment-woocommerce_thumbnail size-woocommerce_thumbnail wp-post-image\" alt=\"\" decoding=\"async\" loading=\"lazy\" srcset=\"http:\/\/pamiatki.leszno.pl\/wp-content\/uploads\/Plapki-Czasu-300x300.jpg 300w, http:\/\/pamiatki.leszno.pl\/wp-content\/uploads\/Plapki-Czasu-150x150.jpg 150w, http:\/\/pamiatki.leszno.pl\/wp-content\/uploads\/Plapki-Czasu-768x768.jpg 768w, http:\/\/pamiatki.leszno.pl\/wp-content\/uploads\/Plapki-Czasu-600x600.jpg 600w, http:\/\/pamiatki.leszno.pl\/wp-content\/uploads\/Plapki-Czasu-350x350.jpg 350w, http:\/\/pamiatki.leszno.pl\/wp-content\/uploads\/Plapki-Czasu-100x100.jpg 100w, http:\/\/pamiatki.leszno.pl\/wp-content\/uploads\/Plapki-Czasu.jpg 1000w\" sizes=\"(max-width: 300px) 100vw, 300px\" \/><a rel=\"nofollow\" href=\"\/index.php\/wp-json\/wp\/v2\/pages\/15?add-to-cart=473\" data-quantity=\"1\" data-product_id=\"473\" data-product_sku=\"\" class=\"button product_type_simple add_to_cart_button ajax_add_to_cart\">Dodaj do koszyka<\/a><h2 class=\"woocommerce-loop-product__title\">&#8222;Kl\u0105twa Piecz\u0119ci&#8221;<\/h2>\n\t<span class=\"price\"><span class=\"woocommerce-Price-amount amount\">26,25&nbsp;<span class=\"woocommerce-Price-currencySymbol\">&#122;&#322;<\/span><\/span><\/span>\n<\/a>\n<\/li>\n<li class=\"first post-659 product type-product status-publish has-post-thumbnail product_cat-ksiazki  instock shipping-taxable purchasable product-type-simple\">\n\n\t<a href=\"http:\/\/pamiatki.leszno.pl\/index.php\/produkt\/opatrny\/\" class=\"woocommerce-LoopProduct-link woocommerce-loop-product__link\"><img width=\"300\" height=\"300\" src=\"http:\/\/pamiatki.leszno.pl\/wp-content\/uploads\/online_044-300x300.jpg\" class=\"attachment-woocommerce_thumbnail size-woocommerce_thumbnail wp-post-image\" alt=\"\" decoding=\"async\" loading=\"lazy\" srcset=\"http:\/\/pamiatki.leszno.pl\/wp-content\/uploads\/online_044-300x300.jpg 300w, http:\/\/pamiatki.leszno.pl\/wp-content\/uploads\/online_044-150x150.jpg 150w, http:\/\/pamiatki.leszno.pl\/wp-content\/uploads\/online_044-600x600.jpg 600w, http:\/\/pamiatki.leszno.pl\/wp-content\/uploads\/online_044-350x350.jpg 350w, http:\/\/pamiatki.leszno.pl\/wp-content\/uploads\/online_044-100x100.jpg 100w\" sizes=\"(max-width: 300px) 100vw, 300px\" \/><a rel=\"nofollow\" href=\"\/index.php\/wp-json\/wp\/v2\/pages\/15?add-to-cart=659\" data-quantity=\"1\" data-product_id=\"659\" data-product_sku=\"\" class=\"button product_type_simple add_to_cart_button ajax_add_to_cart\">Dodaj do koszyka<\/a><h2 class=\"woocommerce-loop-product__title\">&#8222;Szko\u0142a \u017cycia &#8211; Mieczys\u0142aw Opatrny 1893 &#8211; 1939&#8221;<\/h2>\n\t<span class=\"price\"><span class=\"woocommerce-Price-amount amount\">11,20&nbsp;<span class=\"woocommerce-Price-currencySymbol\">&#122;&#322;<\/span><\/span><\/span>\n<\/a>\n<\/li>\n<li class=\"last post-975 product type-product status-publish has-post-thumbnail product_cat-pozostale first instock shipping-taxable purchasable product-type-simple\">\n\n\t<a href=\"http:\/\/pamiatki.leszno.pl\/index.php\/produkt\/brelok-zeton\/\" class=\"woocommerce-LoopProduct-link woocommerce-loop-product__link\"><img width=\"300\" height=\"300\" src=\"http:\/\/pamiatki.leszno.pl\/wp-content\/uploads\/brelok_min-300x300.jpg\" class=\"attachment-woocommerce_thumbnail size-woocommerce_thumbnail wp-post-image\" alt=\"\" decoding=\"async\" loading=\"lazy\" srcset=\"http:\/\/pamiatki.leszno.pl\/wp-content\/uploads\/brelok_min-300x300.jpg 300w, http:\/\/pamiatki.leszno.pl\/wp-content\/uploads\/brelok_min-100x100.jpg 100w, http:\/\/pamiatki.leszno.pl\/wp-content\/uploads\/brelok_min-600x600.jpg 600w, http:\/\/pamiatki.leszno.pl\/wp-content\/uploads\/brelok_min-350x350.jpg 350w\" sizes=\"(max-width: 300px) 100vw, 300px\" \/><a rel=\"nofollow\" href=\"\/index.php\/wp-json\/wp\/v2\/pages\/15?add-to-cart=975\" data-quantity=\"1\" data-product_id=\"975\" data-product_sku=\"\" class=\"button product_type_simple add_to_cart_button ajax_add_to_cart\">Dodaj do koszyka<\/a><h2 class=\"woocommerce-loop-product__title\">Brelok &#8211; \u017ceton<\/h2>\n\t<span class=\"price\"><span class=\"woocommerce-Price-amount amount\">2,83&nbsp;<span class=\"woocommerce-Price-currencySymbol\">&#122;&#322;<\/span><\/span><\/span>\n<\/a>\n<\/li>\n<li class=\"post-978 product type-product status-publish has-post-thumbnail product_cat-pozostale last instock shipping-taxable purchasable product-type-simple\">\n\n\t<a href=\"http:\/\/pamiatki.leszno.pl\/index.php\/produkt\/brelok-leszno\/\" class=\"woocommerce-LoopProduct-link woocommerce-loop-product__link\"><img width=\"300\" height=\"300\" src=\"http:\/\/pamiatki.leszno.pl\/wp-content\/uploads\/IMG-8411-300x300.jpg\" class=\"attachment-woocommerce_thumbnail size-woocommerce_thumbnail wp-post-image\" alt=\"\" decoding=\"async\" loading=\"lazy\" srcset=\"http:\/\/pamiatki.leszno.pl\/wp-content\/uploads\/IMG-8411-300x300.jpg 300w, http:\/\/pamiatki.leszno.pl\/wp-content\/uploads\/IMG-8411-100x100.jpg 100w, http:\/\/pamiatki.leszno.pl\/wp-content\/uploads\/IMG-8411-600x600.jpg 600w, http:\/\/pamiatki.leszno.pl\/wp-content\/uploads\/IMG-8411-350x350.jpg 350w\" sizes=\"(max-width: 300px) 100vw, 300px\" \/><a rel=\"nofollow\" href=\"\/index.php\/wp-json\/wp\/v2\/pages\/15?add-to-cart=978\" data-quantity=\"1\" data-product_id=\"978\" data-product_sku=\"\" class=\"button product_type_simple add_to_cart_button ajax_add_to_cart\">Dodaj do koszyka<\/a><h2 class=\"woocommerce-loop-product__title\">Brelok lotniczy z haftem #Leszno<\/h2>\n\t<span class=\"price\"><span class=\"woocommerce-Price-amount amount\">9,23&nbsp;<span class=\"woocommerce-Price-currencySymbol\">&#122;&#322;<\/span><\/span><\/span>\n<\/a>\n<\/li>\n<li class=\"first post-871 product type-product status-publish has-post-thumbnail product_cat-ksiazki  instock shipping-taxable purchasable product-type-simple\">\n\n\t<a href=\"http:\/\/pamiatki.leszno.pl\/index.php\/produkt\/bronislaw_kotlarski\/\" class=\"woocommerce-LoopProduct-link woocommerce-loop-product__link\"><img width=\"300\" height=\"300\" src=\"http:\/\/pamiatki.leszno.pl\/wp-content\/uploads\/151624855_190517672828715_8420553402303192079_n-300x300.jpg\" class=\"attachment-woocommerce_thumbnail size-woocommerce_thumbnail wp-post-image\" alt=\"\" decoding=\"async\" loading=\"lazy\" srcset=\"http:\/\/pamiatki.leszno.pl\/wp-content\/uploads\/151624855_190517672828715_8420553402303192079_n-300x300.jpg 300w, http:\/\/pamiatki.leszno.pl\/wp-content\/uploads\/151624855_190517672828715_8420553402303192079_n-100x100.jpg 100w, http:\/\/pamiatki.leszno.pl\/wp-content\/uploads\/151624855_190517672828715_8420553402303192079_n-600x600.jpg 600w, http:\/\/pamiatki.leszno.pl\/wp-content\/uploads\/151624855_190517672828715_8420553402303192079_n-350x350.jpg 350w\" sizes=\"(max-width: 300px) 100vw, 300px\" \/><a rel=\"nofollow\" href=\"\/index.php\/wp-json\/wp\/v2\/pages\/15?add-to-cart=871\" data-quantity=\"1\" data-product_id=\"871\" data-product_sku=\"\" class=\"button product_type_simple add_to_cart_button ajax_add_to_cart\">Dodaj do koszyka<\/a><h2 class=\"woocommerce-loop-product__title\">Bronis\u0142aw Kotlarski 1893-1939. Droga wielkopolskiego patrioty.<\/h2>\n\t<span class=\"price\"><span class=\"woocommerce-Price-amount amount\">18,56&nbsp;<span class=\"woocommerce-Price-currencySymbol\">&#122;&#322;<\/span><\/span><\/span>\n<\/a>\n<\/li>\n<li class=\"last post-570 product type-product status-publish has-post-thumbnail product_cat-pozostale first instock shipping-taxable purchasable product-type-simple\">\n\n\t<a href=\"http:\/\/pamiatki.leszno.pl\/index.php\/produkt\/czapka-z-daszkiem-leszno\/\" class=\"woocommerce-LoopProduct-link woocommerce-loop-product__link\"><img width=\"300\" height=\"300\" src=\"http:\/\/pamiatki.leszno.pl\/wp-content\/uploads\/IMG-1464-min-300x300.jpg\" class=\"attachment-woocommerce_thumbnail size-woocommerce_thumbnail wp-post-image\" alt=\"\" decoding=\"async\" loading=\"lazy\" srcset=\"http:\/\/pamiatki.leszno.pl\/wp-content\/uploads\/IMG-1464-min-300x300.jpg 300w, http:\/\/pamiatki.leszno.pl\/wp-content\/uploads\/IMG-1464-min-100x100.jpg 100w, http:\/\/pamiatki.leszno.pl\/wp-content\/uploads\/IMG-1464-min-600x600.jpg 600w, http:\/\/pamiatki.leszno.pl\/wp-content\/uploads\/IMG-1464-min-350x350.jpg 350w\" sizes=\"(max-width: 300px) 100vw, 300px\" \/><a rel=\"nofollow\" href=\"\/index.php\/wp-json\/wp\/v2\/pages\/15?add-to-cart=570\" data-quantity=\"1\" data-product_id=\"570\" data-product_sku=\"\" class=\"button product_type_simple add_to_cart_button ajax_add_to_cart\">Dodaj do koszyka<\/a><h2 class=\"woocommerce-loop-product__title\">Czapka z daszkiem #LESZNO<\/h2>\n\t<span class=\"price\"><span class=\"woocommerce-Price-amount amount\">28,17&nbsp;<span class=\"woocommerce-Price-currencySymbol\">&#122;&#322;<\/span><\/span><\/span>\n<\/a>\n<\/li>\n<li class=\"post-363 product type-product status-publish has-post-thumbnail product_cat-ksiazki last instock shipping-taxable purchasable product-type-simple\">\n\n\t<a href=\"http:\/\/pamiatki.leszno.pl\/index.php\/produkt\/dr-bronislaw-swiderski\/\" class=\"woocommerce-LoopProduct-link woocommerce-loop-product__link\"><img width=\"300\" height=\"300\" src=\"http:\/\/pamiatki.leszno.pl\/wp-content\/uploads\/1040-300x300.jpg\" class=\"attachment-woocommerce_thumbnail size-woocommerce_thumbnail wp-post-image\" alt=\"\" decoding=\"async\" loading=\"lazy\" srcset=\"http:\/\/pamiatki.leszno.pl\/wp-content\/uploads\/1040-300x300.jpg 300w, http:\/\/pamiatki.leszno.pl\/wp-content\/uploads\/1040-150x150.jpg 150w, http:\/\/pamiatki.leszno.pl\/wp-content\/uploads\/1040-600x600.jpg 600w, http:\/\/pamiatki.leszno.pl\/wp-content\/uploads\/1040-350x350.jpg 350w, http:\/\/pamiatki.leszno.pl\/wp-content\/uploads\/1040-100x100.jpg 100w\" sizes=\"(max-width: 300px) 100vw, 300px\" \/><a rel=\"nofollow\" href=\"\/index.php\/wp-json\/wp\/v2\/pages\/15?add-to-cart=363\" data-quantity=\"1\" data-product_id=\"363\" data-product_sku=\"\" class=\"button product_type_simple add_to_cart_button ajax_add_to_cart\">Dodaj do koszyka<\/a><h2 class=\"woocommerce-loop-product__title\">DR Bronis\u0142aw \u015awiderski<\/h2>\n\t<span class=\"price\"><span class=\"woocommerce-Price-amount amount\">8,30&nbsp;<span class=\"woocommerce-Price-currencySymbol\">&#122;&#322;<\/span><\/span><\/span>\n<\/a>\n<\/li>\n<li class=\"first post-731 product type-product status-publish has-post-thumbnail product_cat-pozostale  instock shipping-taxable purchasable product-type-simple\">\n\n\t<a href=\"http:\/\/pamiatki.leszno.pl\/index.php\/produkt\/flaga-polski\/\" class=\"woocommerce-LoopProduct-link woocommerce-loop-product__link\"><img width=\"300\" height=\"300\" src=\"http:\/\/pamiatki.leszno.pl\/wp-content\/uploads\/IMG-3566-300x300.jpg\" class=\"attachment-woocommerce_thumbnail size-woocommerce_thumbnail wp-post-image\" alt=\"\" decoding=\"async\" loading=\"lazy\" srcset=\"http:\/\/pamiatki.leszno.pl\/wp-content\/uploads\/IMG-3566-300x300.jpg 300w, http:\/\/pamiatki.leszno.pl\/wp-content\/uploads\/IMG-3566-100x100.jpg 100w, http:\/\/pamiatki.leszno.pl\/wp-content\/uploads\/IMG-3566-600x600.jpg 600w, http:\/\/pamiatki.leszno.pl\/wp-content\/uploads\/IMG-3566-350x350.jpg 350w\" sizes=\"(max-width: 300px) 100vw, 300px\" \/><a rel=\"nofollow\" href=\"\/index.php\/wp-json\/wp\/v2\/pages\/15?add-to-cart=731\" data-quantity=\"1\" data-product_id=\"731\" data-product_sku=\"\" class=\"button product_type_simple add_to_cart_button ajax_add_to_cart\">Dodaj do koszyka<\/a><h2 class=\"woocommerce-loop-product__title\">Flaga Polski<\/h2>\n\t<span class=\"price\"><span class=\"woocommerce-Price-amount amount\">20,91&nbsp;<span class=\"woocommerce-Price-currencySymbol\">&#122;&#322;<\/span><\/span><\/span>\n<\/a>\n<\/li>\n<li class=\"last post-749 product type-product status-publish has-post-thumbnail product_cat-pozostale first instock shipping-taxable purchasable product-type-simple\">\n\n\t<a href=\"http:\/\/pamiatki.leszno.pl\/index.php\/produkt\/flaga-z-logo-leszno-100-lat-odzyskania-niepodleglosci\/\" class=\"woocommerce-LoopProduct-link woocommerce-loop-product__link\"><img width=\"300\" height=\"300\" src=\"http:\/\/pamiatki.leszno.pl\/wp-content\/uploads\/IMG-3776-300x300.jpg\" class=\"attachment-woocommerce_thumbnail size-woocommerce_thumbnail wp-post-image\" alt=\"\" decoding=\"async\" loading=\"lazy\" srcset=\"http:\/\/pamiatki.leszno.pl\/wp-content\/uploads\/IMG-3776-300x300.jpg 300w, http:\/\/pamiatki.leszno.pl\/wp-content\/uploads\/IMG-3776-100x100.jpg 100w, http:\/\/pamiatki.leszno.pl\/wp-content\/uploads\/IMG-3776-600x600.jpg 600w, http:\/\/pamiatki.leszno.pl\/wp-content\/uploads\/IMG-3776-350x350.jpg 350w\" sizes=\"(max-width: 300px) 100vw, 300px\" \/><a rel=\"nofollow\" href=\"\/index.php\/wp-json\/wp\/v2\/pages\/15?add-to-cart=749\" data-quantity=\"1\" data-product_id=\"749\" data-product_sku=\"\" class=\"button product_type_simple add_to_cart_button ajax_add_to_cart\">Dodaj do koszyka<\/a><h2 class=\"woocommerce-loop-product__title\">Flaga z logo &#8222;LESZNO 100 lat odzyskania niepodleg\u0142o\u015bci&#8221;<\/h2>\n\t<span class=\"price\"><span class=\"woocommerce-Price-amount amount\">24,60&nbsp;<span class=\"woocommerce-Price-currencySymbol\">&#122;&#322;<\/span><\/span><\/span>\n<\/a>\n<\/li>\n<li class=\"post-656 product type-product status-publish has-post-thumbnail product_cat-pozostale last instock shipping-taxable purchasable product-type-simple\">\n\n\t<a href=\"http:\/\/pamiatki.leszno.pl\/index.php\/produkt\/folder-miasta-polski-leszno\/\" class=\"woocommerce-LoopProduct-link woocommerce-loop-product__link\"><img width=\"300\" height=\"300\" src=\"http:\/\/pamiatki.leszno.pl\/wp-content\/uploads\/online_033-300x300.jpg\" class=\"attachment-woocommerce_thumbnail size-woocommerce_thumbnail wp-post-image\" alt=\"\" decoding=\"async\" loading=\"lazy\" srcset=\"http:\/\/pamiatki.leszno.pl\/wp-content\/uploads\/online_033-300x300.jpg 300w, http:\/\/pamiatki.leszno.pl\/wp-content\/uploads\/online_033-150x150.jpg 150w, http:\/\/pamiatki.leszno.pl\/wp-content\/uploads\/online_033-600x600.jpg 600w, http:\/\/pamiatki.leszno.pl\/wp-content\/uploads\/online_033-350x350.jpg 350w, http:\/\/pamiatki.leszno.pl\/wp-content\/uploads\/online_033-100x100.jpg 100w\" sizes=\"(max-width: 300px) 100vw, 300px\" \/><a rel=\"nofollow\" href=\"\/index.php\/wp-json\/wp\/v2\/pages\/15?add-to-cart=656\" data-quantity=\"1\" data-product_id=\"656\" data-product_sku=\"\" class=\"button product_type_simple add_to_cart_button ajax_add_to_cart\">Dodaj do koszyka<\/a><h2 class=\"woocommerce-loop-product__title\">Folder miasta Polski &#8211; Leszno<\/h2>\n\t<span class=\"price\"><span class=\"woocommerce-Price-amount amount\">15,99&nbsp;<span class=\"woocommerce-Price-currencySymbol\">&#122;&#322;<\/span><\/span><\/span>\n<\/a>\n<\/li>\n<li class=\"first post-1200 product type-product status-publish has-post-thumbnail product_cat-ksiazki  instock shipping-taxable purchasable product-type-simple\">\n\n\t<a href=\"http:\/\/pamiatki.leszno.pl\/index.php\/produkt\/janina-malgorzata-halec-doktor-johann-christian-heinrich-metzig\/\" class=\"woocommerce-LoopProduct-link woocommerce-loop-product__link\"><img width=\"300\" height=\"300\" src=\"http:\/\/pamiatki.leszno.pl\/wp-content\/uploads\/PhotoRoom-20240122-112538-300x300.jpg\" class=\"attachment-woocommerce_thumbnail size-woocommerce_thumbnail wp-post-image\" alt=\"\" decoding=\"async\" loading=\"lazy\" srcset=\"http:\/\/pamiatki.leszno.pl\/wp-content\/uploads\/PhotoRoom-20240122-112538-300x300.jpg 300w, http:\/\/pamiatki.leszno.pl\/wp-content\/uploads\/PhotoRoom-20240122-112538-100x100.jpg 100w, http:\/\/pamiatki.leszno.pl\/wp-content\/uploads\/PhotoRoom-20240122-112538-600x600.jpg 600w, http:\/\/pamiatki.leszno.pl\/wp-content\/uploads\/PhotoRoom-20240122-112538-350x350.jpg 350w\" sizes=\"(max-width: 300px) 100vw, 300px\" \/><a rel=\"nofollow\" href=\"\/index.php\/wp-json\/wp\/v2\/pages\/15?add-to-cart=1200\" data-quantity=\"1\" data-product_id=\"1200\" data-product_sku=\"\" class=\"button product_type_simple add_to_cart_button ajax_add_to_cart\">Dodaj do koszyka<\/a><h2 class=\"woocommerce-loop-product__title\">Janina Ma\u0142gorzata Halec &#8211; Doktor Johann Christian Heinrich Metzig<\/h2>\n\t<span class=\"price\"><span class=\"woocommerce-Price-amount amount\">16,59&nbsp;<span class=\"woocommerce-Price-currencySymbol\">&#122;&#322;<\/span><\/span><\/span>\n<\/a>\n<\/li>\n<li class=\"last post-1311 product type-product status-publish has-post-thumbnail product_cat-pozostale first instock shipping-taxable purchasable product-type-simple\">\n\n\t<a href=\"http:\/\/pamiatki.leszno.pl\/index.php\/produkt\/karty-do-gry-leszczynskie\/\" class=\"woocommerce-LoopProduct-link woocommerce-loop-product__link\"><img width=\"300\" height=\"300\" src=\"http:\/\/pamiatki.leszno.pl\/wp-content\/uploads\/karty-min-300x300.jpg\" class=\"attachment-woocommerce_thumbnail size-woocommerce_thumbnail wp-post-image\" alt=\"\" decoding=\"async\" loading=\"lazy\" srcset=\"http:\/\/pamiatki.leszno.pl\/wp-content\/uploads\/karty-min-300x300.jpg 300w, http:\/\/pamiatki.leszno.pl\/wp-content\/uploads\/karty-min-100x100.jpg 100w, http:\/\/pamiatki.leszno.pl\/wp-content\/uploads\/karty-min-600x600.jpg 600w, http:\/\/pamiatki.leszno.pl\/wp-content\/uploads\/karty-min-350x350.jpg 350w\" sizes=\"(max-width: 300px) 100vw, 300px\" \/><a rel=\"nofollow\" href=\"\/index.php\/wp-json\/wp\/v2\/pages\/15?add-to-cart=1311\" data-quantity=\"1\" data-product_id=\"1311\" data-product_sku=\"\" class=\"button product_type_simple add_to_cart_button ajax_add_to_cart\">Dodaj do koszyka<\/a><h2 class=\"woocommerce-loop-product__title\">Karty do gry Leszczy\u0144skie.<\/h2>\n\t<span class=\"price\"><span class=\"woocommerce-Price-amount amount\">13,87&nbsp;<span class=\"woocommerce-Price-currencySymbol\">&#122;&#322;<\/span><\/span><\/span>\n<\/a>\n<\/li>\n<li class=\"post-810 product type-product status-publish has-post-thumbnail product_cat-pozostale last instock shipping-taxable purchasable product-type-simple\">\n\n\t<a href=\"http:\/\/pamiatki.leszno.pl\/index.php\/produkt\/komin-ochronny-z-logo-cit\/\" class=\"woocommerce-LoopProduct-link woocommerce-loop-product__link\"><img width=\"300\" height=\"300\" src=\"http:\/\/pamiatki.leszno.pl\/wp-content\/uploads\/PHOTO-2020-11-06-13-30-31_1-300x300.jpg\" class=\"attachment-woocommerce_thumbnail size-woocommerce_thumbnail wp-post-image\" alt=\"\" decoding=\"async\" loading=\"lazy\" srcset=\"http:\/\/pamiatki.leszno.pl\/wp-content\/uploads\/PHOTO-2020-11-06-13-30-31_1-300x300.jpg 300w, http:\/\/pamiatki.leszno.pl\/wp-content\/uploads\/PHOTO-2020-11-06-13-30-31_1-100x100.jpg 100w, http:\/\/pamiatki.leszno.pl\/wp-content\/uploads\/PHOTO-2020-11-06-13-30-31_1-600x600.jpg 600w, http:\/\/pamiatki.leszno.pl\/wp-content\/uploads\/PHOTO-2020-11-06-13-30-31_1-350x350.jpg 350w\" sizes=\"(max-width: 300px) 100vw, 300px\" \/><a rel=\"nofollow\" href=\"\/index.php\/wp-json\/wp\/v2\/pages\/15?add-to-cart=810\" data-quantity=\"1\" data-product_id=\"810\" data-product_sku=\"\" class=\"button product_type_simple add_to_cart_button ajax_add_to_cart\">Dodaj do koszyka<\/a><h2 class=\"woocommerce-loop-product__title\">Komin z logo CIT<\/h2>\n\t<span class=\"price\"><span class=\"woocommerce-Price-amount amount\">15,99&nbsp;<span class=\"woocommerce-Price-currencySymbol\">&#122;&#322;<\/span><\/span><\/span>\n<\/a>\n<\/li>\n<li class=\"first post-811 product type-product status-publish has-post-thumbnail product_cat-pozostale  instock shipping-taxable purchasable product-type-simple\">\n\n\t<a href=\"http:\/\/pamiatki.leszno.pl\/index.php\/produkt\/komin-ochronny-z-logo-miasta\/\" class=\"woocommerce-LoopProduct-link woocommerce-loop-product__link\"><img width=\"300\" height=\"300\" src=\"http:\/\/pamiatki.leszno.pl\/wp-content\/uploads\/PHOTO-2020-11-06-13-30-31-300x300.jpg\" class=\"attachment-woocommerce_thumbnail size-woocommerce_thumbnail wp-post-image\" alt=\"\" decoding=\"async\" loading=\"lazy\" srcset=\"http:\/\/pamiatki.leszno.pl\/wp-content\/uploads\/PHOTO-2020-11-06-13-30-31-300x300.jpg 300w, http:\/\/pamiatki.leszno.pl\/wp-content\/uploads\/PHOTO-2020-11-06-13-30-31-100x100.jpg 100w, http:\/\/pamiatki.leszno.pl\/wp-content\/uploads\/PHOTO-2020-11-06-13-30-31-600x600.jpg 600w, http:\/\/pamiatki.leszno.pl\/wp-content\/uploads\/PHOTO-2020-11-06-13-30-31-350x350.jpg 350w\" sizes=\"(max-width: 300px) 100vw, 300px\" \/><a rel=\"nofollow\" href=\"\/index.php\/wp-json\/wp\/v2\/pages\/15?add-to-cart=811\" data-quantity=\"1\" data-product_id=\"811\" data-product_sku=\"\" class=\"button product_type_simple add_to_cart_button ajax_add_to_cart\">Dodaj do koszyka<\/a><h2 class=\"woocommerce-loop-product__title\">Komin z logo miasta<\/h2>\n\t<span class=\"price\"><span class=\"woocommerce-Price-amount amount\">15,99&nbsp;<span class=\"woocommerce-Price-currencySymbol\">&#122;&#322;<\/span><\/span><\/span>\n<\/a>\n<\/li>\n<li class=\"last post-1097 product type-product status-publish has-post-thumbnail product_cat-ksiazki first instock shipping-taxable purchasable product-type-simple\">\n\n\t<a href=\"http:\/\/pamiatki.leszno.pl\/index.php\/produkt\/ksiadz-tadeusz-kopczynski-1888-1941-autor-wojciech-coblewski\/\" class=\"woocommerce-LoopProduct-link woocommerce-loop-product__link\"><img width=\"300\" height=\"300\" src=\"http:\/\/pamiatki.leszno.pl\/wp-content\/uploads\/Ksiadz-min-300x300.jpg\" class=\"attachment-woocommerce_thumbnail size-woocommerce_thumbnail wp-post-image\" alt=\"\" decoding=\"async\" loading=\"lazy\" srcset=\"http:\/\/pamiatki.leszno.pl\/wp-content\/uploads\/Ksiadz-min-300x300.jpg 300w, http:\/\/pamiatki.leszno.pl\/wp-content\/uploads\/Ksiadz-min-100x100.jpg 100w, http:\/\/pamiatki.leszno.pl\/wp-content\/uploads\/Ksiadz-min-600x600.jpg 600w, http:\/\/pamiatki.leszno.pl\/wp-content\/uploads\/Ksiadz-min-350x350.jpg 350w\" sizes=\"(max-width: 300px) 100vw, 300px\" \/><a rel=\"nofollow\" href=\"\/index.php\/wp-json\/wp\/v2\/pages\/15?add-to-cart=1097\" data-quantity=\"1\" data-product_id=\"1097\" data-product_sku=\"\" class=\"button product_type_simple add_to_cart_button ajax_add_to_cart\">Dodaj do koszyka<\/a><h2 class=\"woocommerce-loop-product__title\">Ksi\u0105dz Tadeusz Kopczy\u0144ski (1888-1941)        Autor: Wojciech Coblewski<\/h2>\n\t<span class=\"price\"><span class=\"woocommerce-Price-amount amount\">15,50&nbsp;<span class=\"woocommerce-Price-currencySymbol\">&#122;&#322;<\/span><\/span><\/span>\n<\/a>\n<\/li>\n<li class=\"post-624 product type-product status-publish has-post-thumbnail product_cat-ksiazki last instock shipping-taxable purchasable product-type-simple\">\n\n\t<a href=\"http:\/\/pamiatki.leszno.pl\/index.php\/produkt\/ksiazka-tak-powstalo-leszno\/\" class=\"woocommerce-LoopProduct-link woocommerce-loop-product__link\"><img width=\"300\" height=\"300\" src=\"http:\/\/pamiatki.leszno.pl\/wp-content\/uploads\/online_035-300x300.jpg\" class=\"attachment-woocommerce_thumbnail size-woocommerce_thumbnail wp-post-image\" alt=\"Tak powsta\u0142o Leszno\" decoding=\"async\" loading=\"lazy\" srcset=\"http:\/\/pamiatki.leszno.pl\/wp-content\/uploads\/online_035-300x300.jpg 300w, http:\/\/pamiatki.leszno.pl\/wp-content\/uploads\/online_035-150x150.jpg 150w, http:\/\/pamiatki.leszno.pl\/wp-content\/uploads\/online_035-600x600.jpg 600w, http:\/\/pamiatki.leszno.pl\/wp-content\/uploads\/online_035-350x350.jpg 350w, http:\/\/pamiatki.leszno.pl\/wp-content\/uploads\/online_035-100x100.jpg 100w\" sizes=\"(max-width: 300px) 100vw, 300px\" \/><a rel=\"nofollow\" href=\"\/index.php\/wp-json\/wp\/v2\/pages\/15?add-to-cart=624\" data-quantity=\"1\" data-product_id=\"624\" data-product_sku=\"\" class=\"button product_type_simple add_to_cart_button ajax_add_to_cart\">Dodaj do koszyka<\/a><h2 class=\"woocommerce-loop-product__title\">Ksi\u0105\u017cka &#8221; Tak powsta\u0142o Leszno&#8221;<\/h2>\n\t<span class=\"price\"><span class=\"woocommerce-Price-amount amount\">8,76&nbsp;<span class=\"woocommerce-Price-currencySymbol\">&#122;&#322;<\/span><\/span><\/span>\n<\/a>\n<\/li>\n<li class=\"first post-946 product type-product status-publish has-post-thumbnail product_cat-ksiazki  instock shipping-taxable purchasable product-type-simple\">\n\n\t<a href=\"http:\/\/pamiatki.leszno.pl\/index.php\/produkt\/ksiazka-derwich\/\" class=\"woocommerce-LoopProduct-link woocommerce-loop-product__link\"><img width=\"300\" height=\"300\" src=\"http:\/\/pamiatki.leszno.pl\/wp-content\/uploads\/Snapseed-1-300x300.jpg\" class=\"attachment-woocommerce_thumbnail size-woocommerce_thumbnail wp-post-image\" alt=\"\" decoding=\"async\" loading=\"lazy\" srcset=\"http:\/\/pamiatki.leszno.pl\/wp-content\/uploads\/Snapseed-1-300x300.jpg 300w, http:\/\/pamiatki.leszno.pl\/wp-content\/uploads\/Snapseed-1-100x100.jpg 100w, http:\/\/pamiatki.leszno.pl\/wp-content\/uploads\/Snapseed-1-600x600.jpg 600w, http:\/\/pamiatki.leszno.pl\/wp-content\/uploads\/Snapseed-1-350x350.jpg 350w\" sizes=\"(max-width: 300px) 100vw, 300px\" \/><a rel=\"nofollow\" href=\"\/index.php\/wp-json\/wp\/v2\/pages\/15?add-to-cart=946\" data-quantity=\"1\" data-product_id=\"946\" data-product_sku=\"\" class=\"button product_type_simple add_to_cart_button ajax_add_to_cart\">Dodaj do koszyka<\/a><h2 class=\"woocommerce-loop-product__title\">Ksi\u0105\u017cka &#8222;Derwicha 100 lat&#8221;<\/h2>\n\t<span class=\"price\"><span class=\"woocommerce-Price-amount amount\">17,50&nbsp;<span class=\"woocommerce-Price-currencySymbol\">&#122;&#322;<\/span><\/span><\/span>\n<\/a>\n<\/li>\n<li class=\"last post-941 product type-product status-publish has-post-thumbnail product_cat-ksiazki first instock shipping-taxable purchasable product-type-simple\">\n\n\t<a href=\"http:\/\/pamiatki.leszno.pl\/index.php\/produkt\/ksiazka-krol-stanislaw-leszczynski\/\" class=\"woocommerce-LoopProduct-link woocommerce-loop-product__link\"><img width=\"300\" height=\"300\" src=\"http:\/\/pamiatki.leszno.pl\/wp-content\/uploads\/3-300x300.jpg\" class=\"attachment-woocommerce_thumbnail size-woocommerce_thumbnail wp-post-image\" alt=\"\" decoding=\"async\" loading=\"lazy\" srcset=\"http:\/\/pamiatki.leszno.pl\/wp-content\/uploads\/3-300x300.jpg 300w, http:\/\/pamiatki.leszno.pl\/wp-content\/uploads\/3-100x100.jpg 100w, http:\/\/pamiatki.leszno.pl\/wp-content\/uploads\/3-600x600.jpg 600w, http:\/\/pamiatki.leszno.pl\/wp-content\/uploads\/3-350x350.jpg 350w\" sizes=\"(max-width: 300px) 100vw, 300px\" \/><a rel=\"nofollow\" href=\"\/index.php\/wp-json\/wp\/v2\/pages\/15?add-to-cart=941\" data-quantity=\"1\" data-product_id=\"941\" data-product_sku=\"\" class=\"button product_type_simple add_to_cart_button ajax_add_to_cart\">Dodaj do koszyka<\/a><h2 class=\"woocommerce-loop-product__title\">Ksi\u0105\u017cka &#8222;Kr\u00f3l Stanis\u0142aw Leszczy\u0144ski, Leszno &#8211; Warszawa &#8211; Zweibr\u00fccken &#8211; Nancy&#8221;<\/h2>\n\t<span class=\"price\"><span class=\"woocommerce-Price-amount amount\">9,77&nbsp;<span class=\"woocommerce-Price-currencySymbol\">&#122;&#322;<\/span><\/span><\/span>\n<\/a>\n<\/li>\n<li class=\"post-638 product type-product status-publish has-post-thumbnail product_cat-ksiazki last instock shipping-taxable purchasable product-type-simple\">\n\n\t<a href=\"http:\/\/pamiatki.leszno.pl\/index.php\/produkt\/ksiazka-ludzie-i-czasy-tom-1\/\" class=\"woocommerce-LoopProduct-link woocommerce-loop-product__link\"><img width=\"300\" height=\"300\" src=\"http:\/\/pamiatki.leszno.pl\/wp-content\/uploads\/online_046-300x300.jpg\" class=\"attachment-woocommerce_thumbnail size-woocommerce_thumbnail wp-post-image\" alt=\"\" decoding=\"async\" loading=\"lazy\" srcset=\"http:\/\/pamiatki.leszno.pl\/wp-content\/uploads\/online_046-300x300.jpg 300w, http:\/\/pamiatki.leszno.pl\/wp-content\/uploads\/online_046-150x150.jpg 150w, http:\/\/pamiatki.leszno.pl\/wp-content\/uploads\/online_046-600x600.jpg 600w, http:\/\/pamiatki.leszno.pl\/wp-content\/uploads\/online_046-350x350.jpg 350w, http:\/\/pamiatki.leszno.pl\/wp-content\/uploads\/online_046-100x100.jpg 100w\" sizes=\"(max-width: 300px) 100vw, 300px\" \/><a rel=\"nofollow\" href=\"\/index.php\/wp-json\/wp\/v2\/pages\/15?add-to-cart=638\" data-quantity=\"1\" data-product_id=\"638\" data-product_sku=\"\" class=\"button product_type_simple add_to_cart_button ajax_add_to_cart\">Dodaj do koszyka<\/a><h2 class=\"woocommerce-loop-product__title\">Ksi\u0105\u017cka &#8222;Ludzie i Czasy&#8221; &#8211; tom 1<\/h2>\n\t<span class=\"price\"><span class=\"woocommerce-Price-amount amount\">15,50&nbsp;<span class=\"woocommerce-Price-currencySymbol\">&#122;&#322;<\/span><\/span><\/span>\n<\/a>\n<\/li>\n<li class=\"first post-623 product type-product status-publish has-post-thumbnail product_cat-ksiazki  instock shipping-taxable purchasable product-type-simple\">\n\n\t<a href=\"http:\/\/pamiatki.leszno.pl\/index.php\/produkt\/ksiazka-ludzie-i-czasy-tom-2\/\" class=\"woocommerce-LoopProduct-link woocommerce-loop-product__link\"><img width=\"300\" height=\"300\" src=\"http:\/\/pamiatki.leszno.pl\/wp-content\/uploads\/online_045-300x300.jpg\" class=\"attachment-woocommerce_thumbnail size-woocommerce_thumbnail wp-post-image\" alt=\"\" decoding=\"async\" loading=\"lazy\" srcset=\"http:\/\/pamiatki.leszno.pl\/wp-content\/uploads\/online_045-300x300.jpg 300w, http:\/\/pamiatki.leszno.pl\/wp-content\/uploads\/online_045-150x150.jpg 150w, http:\/\/pamiatki.leszno.pl\/wp-content\/uploads\/online_045-600x600.jpg 600w, http:\/\/pamiatki.leszno.pl\/wp-content\/uploads\/online_045-350x350.jpg 350w, http:\/\/pamiatki.leszno.pl\/wp-content\/uploads\/online_045-100x100.jpg 100w\" sizes=\"(max-width: 300px) 100vw, 300px\" \/><a rel=\"nofollow\" href=\"\/index.php\/wp-json\/wp\/v2\/pages\/15?add-to-cart=623\" data-quantity=\"1\" data-product_id=\"623\" data-product_sku=\"\" class=\"button product_type_simple add_to_cart_button ajax_add_to_cart\">Dodaj do koszyka<\/a><h2 class=\"woocommerce-loop-product__title\">Ksi\u0105\u017cka &#8222;Ludzie i Czasy&#8221; &#8211; tom 2<\/h2>\n\t<span class=\"price\"><span class=\"woocommerce-Price-amount amount\">15,50&nbsp;<span class=\"woocommerce-Price-currencySymbol\">&#122;&#322;<\/span><\/span><\/span>\n<\/a>\n<\/li>\n<li class=\"last post-931 product type-product status-publish has-post-thumbnail product_cat-ksiazki first instock shipping-taxable purchasable product-type-simple\">\n\n\t<a href=\"http:\/\/pamiatki.leszno.pl\/index.php\/produkt\/ksiazka-ludzie-i-czasy-tom-3\/\" class=\"woocommerce-LoopProduct-link woocommerce-loop-product__link\"><img width=\"300\" height=\"300\" src=\"http:\/\/pamiatki.leszno.pl\/wp-content\/uploads\/Snapseed-300x300.jpg\" class=\"attachment-woocommerce_thumbnail size-woocommerce_thumbnail wp-post-image\" alt=\"\" decoding=\"async\" loading=\"lazy\" srcset=\"http:\/\/pamiatki.leszno.pl\/wp-content\/uploads\/Snapseed-300x300.jpg 300w, http:\/\/pamiatki.leszno.pl\/wp-content\/uploads\/Snapseed-100x100.jpg 100w, http:\/\/pamiatki.leszno.pl\/wp-content\/uploads\/Snapseed-600x600.jpg 600w, http:\/\/pamiatki.leszno.pl\/wp-content\/uploads\/Snapseed-350x350.jpg 350w\" sizes=\"(max-width: 300px) 100vw, 300px\" \/><a rel=\"nofollow\" href=\"\/index.php\/wp-json\/wp\/v2\/pages\/15?add-to-cart=931\" data-quantity=\"1\" data-product_id=\"931\" data-product_sku=\"\" class=\"button product_type_simple add_to_cart_button ajax_add_to_cart\">Dodaj do koszyka<\/a><h2 class=\"woocommerce-loop-product__title\">Ksi\u0105\u017cka &#8222;Ludzie i Czasy&#8221; &#8211; tom 3<\/h2>\n\t<span class=\"price\"><span class=\"woocommerce-Price-amount amount\">23,99&nbsp;<span class=\"woocommerce-Price-currencySymbol\">&#122;&#322;<\/span><\/span><\/span>\n<\/a>\n<\/li>\n<li class=\"post-654 product type-product status-publish has-post-thumbnail product_cat-ksiazki last instock shipping-taxable purchasable product-type-simple\">\n\n\t<a href=\"http:\/\/pamiatki.leszno.pl\/index.php\/produkt\/borowiak\/\" class=\"woocommerce-LoopProduct-link woocommerce-loop-product__link\"><img width=\"300\" height=\"300\" src=\"http:\/\/pamiatki.leszno.pl\/wp-content\/uploads\/online_036-300x300.jpg\" class=\"attachment-woocommerce_thumbnail size-woocommerce_thumbnail wp-post-image\" alt=\"\" decoding=\"async\" loading=\"lazy\" srcset=\"http:\/\/pamiatki.leszno.pl\/wp-content\/uploads\/online_036-300x300.jpg 300w, http:\/\/pamiatki.leszno.pl\/wp-content\/uploads\/online_036-150x150.jpg 150w, http:\/\/pamiatki.leszno.pl\/wp-content\/uploads\/online_036-600x600.jpg 600w, http:\/\/pamiatki.leszno.pl\/wp-content\/uploads\/online_036-350x350.jpg 350w, http:\/\/pamiatki.leszno.pl\/wp-content\/uploads\/online_036-100x100.jpg 100w\" sizes=\"(max-width: 300px) 100vw, 300px\" \/><a rel=\"nofollow\" href=\"\/index.php\/wp-json\/wp\/v2\/pages\/15?add-to-cart=654\" data-quantity=\"1\" data-product_id=\"654\" data-product_sku=\"\" class=\"button product_type_simple add_to_cart_button ajax_add_to_cart\">Dodaj do koszyka<\/a><h2 class=\"woocommerce-loop-product__title\">Ksi\u0105\u017cka &#8222;Wojna i okupacja we wspomnieniach J\u00f3zefa Borowiaka&#8221;<\/h2>\n\t<span class=\"price\"><span class=\"woocommerce-Price-amount amount\">7,67&nbsp;<span class=\"woocommerce-Price-currencySymbol\">&#122;&#322;<\/span><\/span><\/span>\n<\/a>\n<\/li>\n<li class=\"first post-365 product type-product status-publish has-post-thumbnail product_cat-ksiazki  instock shipping-taxable purchasable product-type-simple\">\n\n\t<a href=\"http:\/\/pamiatki.leszno.pl\/index.php\/produkt\/franciszek-zborowski\/\" class=\"woocommerce-LoopProduct-link woocommerce-loop-product__link\"><img width=\"300\" height=\"300\" src=\"http:\/\/pamiatki.leszno.pl\/wp-content\/uploads\/510-300x300.jpg\" class=\"attachment-woocommerce_thumbnail size-woocommerce_thumbnail wp-post-image\" alt=\"\" decoding=\"async\" loading=\"lazy\" srcset=\"http:\/\/pamiatki.leszno.pl\/wp-content\/uploads\/510-300x300.jpg 300w, http:\/\/pamiatki.leszno.pl\/wp-content\/uploads\/510-150x150.jpg 150w, http:\/\/pamiatki.leszno.pl\/wp-content\/uploads\/510-600x600.jpg 600w, http:\/\/pamiatki.leszno.pl\/wp-content\/uploads\/510-350x350.jpg 350w, http:\/\/pamiatki.leszno.pl\/wp-content\/uploads\/510-100x100.jpg 100w\" sizes=\"(max-width: 300px) 100vw, 300px\" \/><a rel=\"nofollow\" href=\"\/index.php\/wp-json\/wp\/v2\/pages\/15?add-to-cart=365\" data-quantity=\"1\" data-product_id=\"365\" data-product_sku=\"\" class=\"button product_type_simple add_to_cart_button ajax_add_to_cart\">Dodaj do koszyka<\/a><h2 class=\"woocommerce-loop-product__title\">Ksi\u0105\u017cka \/ Franciszek Zborowski<\/h2>\n\t<span class=\"price\"><span class=\"woocommerce-Price-amount amount\">4,10&nbsp;<span class=\"woocommerce-Price-currencySymbol\">&#122;&#322;<\/span><\/span><\/span>\n<\/a>\n<\/li>\n<li class=\"last post-387 product type-product status-publish has-post-thumbnail product_cat-ksiazki first instock shipping-taxable purchasable product-type-simple\">\n\n\t<a href=\"http:\/\/pamiatki.leszno.pl\/index.php\/produkt\/ksiazka-kto-jest-kim\/\" class=\"woocommerce-LoopProduct-link woocommerce-loop-product__link\"><img width=\"300\" height=\"300\" src=\"http:\/\/pamiatki.leszno.pl\/wp-content\/uploads\/50-1-300x300.jpg\" class=\"attachment-woocommerce_thumbnail size-woocommerce_thumbnail wp-post-image\" alt=\"\" decoding=\"async\" loading=\"lazy\" srcset=\"http:\/\/pamiatki.leszno.pl\/wp-content\/uploads\/50-1-300x300.jpg 300w, http:\/\/pamiatki.leszno.pl\/wp-content\/uploads\/50-1-150x150.jpg 150w, http:\/\/pamiatki.leszno.pl\/wp-content\/uploads\/50-1-600x600.jpg 600w, http:\/\/pamiatki.leszno.pl\/wp-content\/uploads\/50-1-350x350.jpg 350w, http:\/\/pamiatki.leszno.pl\/wp-content\/uploads\/50-1-100x100.jpg 100w\" sizes=\"(max-width: 300px) 100vw, 300px\" \/><a rel=\"nofollow\" href=\"\/index.php\/wp-json\/wp\/v2\/pages\/15?add-to-cart=387\" data-quantity=\"1\" data-product_id=\"387\" data-product_sku=\"\" class=\"button product_type_simple add_to_cart_button ajax_add_to_cart\">Dodaj do koszyka<\/a><h2 class=\"woocommerce-loop-product__title\">Ksi\u0105\u017cka \/ Kto jest Kim<\/h2>\n\t<span class=\"price\"><span class=\"woocommerce-Price-amount amount\">38,85&nbsp;<span class=\"woocommerce-Price-currencySymbol\">&#122;&#322;<\/span><\/span><\/span>\n<\/a>\n<\/li>\n<li class=\"post-383 product type-product status-publish has-post-thumbnail product_cat-ksiazki last instock shipping-taxable purchasable product-type-simple\">\n\n\t<a href=\"http:\/\/pamiatki.leszno.pl\/index.php\/produkt\/ksiazka-mysli-budujace\/\" class=\"woocommerce-LoopProduct-link woocommerce-loop-product__link\"><img width=\"300\" height=\"300\" src=\"http:\/\/pamiatki.leszno.pl\/wp-content\/uploads\/4050-300x300.jpg\" class=\"attachment-woocommerce_thumbnail size-woocommerce_thumbnail wp-post-image\" alt=\"\" decoding=\"async\" loading=\"lazy\" srcset=\"http:\/\/pamiatki.leszno.pl\/wp-content\/uploads\/4050-300x300.jpg 300w, http:\/\/pamiatki.leszno.pl\/wp-content\/uploads\/4050-150x150.jpg 150w, http:\/\/pamiatki.leszno.pl\/wp-content\/uploads\/4050-600x600.jpg 600w, http:\/\/pamiatki.leszno.pl\/wp-content\/uploads\/4050-350x350.jpg 350w, http:\/\/pamiatki.leszno.pl\/wp-content\/uploads\/4050-100x100.jpg 100w\" sizes=\"(max-width: 300px) 100vw, 300px\" \/><a rel=\"nofollow\" href=\"\/index.php\/wp-json\/wp\/v2\/pages\/15?add-to-cart=383\" data-quantity=\"1\" data-product_id=\"383\" data-product_sku=\"\" class=\"button product_type_simple add_to_cart_button ajax_add_to_cart\">Dodaj do koszyka<\/a><h2 class=\"woocommerce-loop-product__title\">Ksi\u0105\u017cka \/ My\u015bli Buduj\u0105ce<\/h2>\n\t<span class=\"price\"><span class=\"woocommerce-Price-amount amount\">32,62&nbsp;<span class=\"woocommerce-Price-currencySymbol\">&#122;&#322;<\/span><\/span><\/span>\n<\/a>\n<\/li>\n<li class=\"first post-381 product type-product status-publish has-post-thumbnail product_cat-ksiazki  instock shipping-taxable purchasable product-type-simple\">\n\n\t<a href=\"http:\/\/pamiatki.leszno.pl\/index.php\/produkt\/ksiazka-srebrna-korona\/\" class=\"woocommerce-LoopProduct-link woocommerce-loop-product__link\"><img width=\"300\" height=\"300\" src=\"http:\/\/pamiatki.leszno.pl\/wp-content\/uploads\/1300-300x300.jpg\" class=\"attachment-woocommerce_thumbnail size-woocommerce_thumbnail wp-post-image\" alt=\"\" decoding=\"async\" loading=\"lazy\" srcset=\"http:\/\/pamiatki.leszno.pl\/wp-content\/uploads\/1300-300x300.jpg 300w, http:\/\/pamiatki.leszno.pl\/wp-content\/uploads\/1300-150x150.jpg 150w, http:\/\/pamiatki.leszno.pl\/wp-content\/uploads\/1300-600x600.jpg 600w, http:\/\/pamiatki.leszno.pl\/wp-content\/uploads\/1300-350x350.jpg 350w, http:\/\/pamiatki.leszno.pl\/wp-content\/uploads\/1300-100x100.jpg 100w\" sizes=\"(max-width: 300px) 100vw, 300px\" \/><a rel=\"nofollow\" href=\"\/index.php\/wp-json\/wp\/v2\/pages\/15?add-to-cart=381\" data-quantity=\"1\" data-product_id=\"381\" data-product_sku=\"\" class=\"button product_type_simple add_to_cart_button ajax_add_to_cart\">Dodaj do koszyka<\/a><h2 class=\"woocommerce-loop-product__title\">Ksi\u0105\u017cka \/ Srebrna Korona<\/h2>\n\t<span class=\"price\"><span class=\"woocommerce-Price-amount amount\">10,24&nbsp;<span class=\"woocommerce-Price-currencySymbol\">&#122;&#322;<\/span><\/span><\/span>\n<\/a>\n<\/li>\n<li class=\"last post-367 product type-product status-publish has-post-thumbnail product_cat-ksiazki first instock shipping-taxable purchasable product-type-simple\">\n\n\t<a href=\"http:\/\/pamiatki.leszno.pl\/index.php\/produkt\/ksiazka-tadeusz-siminski\/\" class=\"woocommerce-LoopProduct-link woocommerce-loop-product__link\"><img width=\"300\" height=\"300\" src=\"http:\/\/pamiatki.leszno.pl\/wp-content\/uploads\/26-300x300.jpg\" class=\"attachment-woocommerce_thumbnail size-woocommerce_thumbnail wp-post-image\" alt=\"\" decoding=\"async\" loading=\"lazy\" srcset=\"http:\/\/pamiatki.leszno.pl\/wp-content\/uploads\/26-300x300.jpg 300w, http:\/\/pamiatki.leszno.pl\/wp-content\/uploads\/26-150x150.jpg 150w, http:\/\/pamiatki.leszno.pl\/wp-content\/uploads\/26-600x600.jpg 600w, http:\/\/pamiatki.leszno.pl\/wp-content\/uploads\/26-350x350.jpg 350w, http:\/\/pamiatki.leszno.pl\/wp-content\/uploads\/26-100x100.jpg 100w\" sizes=\"(max-width: 300px) 100vw, 300px\" \/><a rel=\"nofollow\" href=\"\/index.php\/wp-json\/wp\/v2\/pages\/15?add-to-cart=367\" data-quantity=\"1\" data-product_id=\"367\" data-product_sku=\"\" class=\"button product_type_simple add_to_cart_button ajax_add_to_cart\">Dodaj do koszyka<\/a><h2 class=\"woocommerce-loop-product__title\">Ksi\u0105\u017cka \/ Tadeusz Simi\u0144ski<\/h2>\n\t<span class=\"price\"><span class=\"woocommerce-Price-amount amount\">20,63&nbsp;<span class=\"woocommerce-Price-currencySymbol\">&#122;&#322;<\/span><\/span><\/span>\n<\/a>\n<\/li>\n<li class=\"post-965 product type-product status-publish has-post-thumbnail product_cat-ksiazki last instock shipping-taxable purchasable product-type-simple\">\n\n\t<a href=\"http:\/\/pamiatki.leszno.pl\/index.php\/produkt\/ksiazka-jozef_olejniczak\/\" class=\"woocommerce-LoopProduct-link woocommerce-loop-product__link\"><img width=\"300\" height=\"300\" src=\"http:\/\/pamiatki.leszno.pl\/wp-content\/uploads\/IMG-9659-300x300.jpg\" class=\"attachment-woocommerce_thumbnail size-woocommerce_thumbnail wp-post-image\" alt=\"\" decoding=\"async\" loading=\"lazy\" srcset=\"http:\/\/pamiatki.leszno.pl\/wp-content\/uploads\/IMG-9659-300x300.jpg 300w, http:\/\/pamiatki.leszno.pl\/wp-content\/uploads\/IMG-9659-100x100.jpg 100w, http:\/\/pamiatki.leszno.pl\/wp-content\/uploads\/IMG-9659-600x600.jpg 600w, http:\/\/pamiatki.leszno.pl\/wp-content\/uploads\/IMG-9659-350x350.jpg 350w\" sizes=\"(max-width: 300px) 100vw, 300px\" \/><a rel=\"nofollow\" href=\"\/index.php\/wp-json\/wp\/v2\/pages\/15?add-to-cart=965\" data-quantity=\"1\" data-product_id=\"965\" data-product_sku=\"\" class=\"button product_type_simple add_to_cart_button ajax_add_to_cart\">Dodaj do koszyka<\/a><h2 class=\"woocommerce-loop-product__title\">Ksi\u0105\u017cka J\u00f3zef Olejniczak (1918 &#8211; 2001) &#8211; Zawodnik, trener, dzia\u0142acz sportu \u017cu\u017clowego<\/h2>\n\t<span class=\"price\"><span class=\"woocommerce-Price-amount amount\">25,61&nbsp;<span class=\"woocommerce-Price-currencySymbol\">&#122;&#322;<\/span><\/span><\/span>\n<\/a>\n<\/li>\n<li class=\"first post-1068 product type-product status-publish has-post-thumbnail product_cat-ksiazki  instock shipping-taxable purchasable product-type-simple\">\n\n\t<a href=\"http:\/\/pamiatki.leszno.pl\/index.php\/produkt\/ksiazka-kazimierz_mikolajczyk\/\" class=\"woocommerce-LoopProduct-link woocommerce-loop-product__link\"><img width=\"300\" height=\"300\" src=\"http:\/\/pamiatki.leszno.pl\/wp-content\/uploads\/IMG-1857-1-300x300.jpg\" class=\"attachment-woocommerce_thumbnail size-woocommerce_thumbnail wp-post-image\" alt=\"\" decoding=\"async\" loading=\"lazy\" srcset=\"http:\/\/pamiatki.leszno.pl\/wp-content\/uploads\/IMG-1857-1-300x300.jpg 300w, http:\/\/pamiatki.leszno.pl\/wp-content\/uploads\/IMG-1857-1-100x100.jpg 100w, http:\/\/pamiatki.leszno.pl\/wp-content\/uploads\/IMG-1857-1-600x600.jpg 600w, http:\/\/pamiatki.leszno.pl\/wp-content\/uploads\/IMG-1857-1-350x350.jpg 350w\" sizes=\"(max-width: 300px) 100vw, 300px\" \/><a rel=\"nofollow\" href=\"\/index.php\/wp-json\/wp\/v2\/pages\/15?add-to-cart=1068\" data-quantity=\"1\" data-product_id=\"1068\" data-product_sku=\"\" class=\"button product_type_simple add_to_cart_button ajax_add_to_cart\">Dodaj do koszyka<\/a><h2 class=\"woocommerce-loop-product__title\">Ksi\u0105\u017cka Kazimierz Miko\u0142ajczyk, Prezes Klubu Inteligencji Katolickiej w Lesznie<\/h2>\n\t<span class=\"price\"><span class=\"woocommerce-Price-amount amount\">17,43&nbsp;<span class=\"woocommerce-Price-currencySymbol\">&#122;&#322;<\/span><\/span><\/span>\n<\/a>\n<\/li>\n<li class=\"last post-1093 product type-product status-publish has-post-thumbnail product_cat-kubki first instock shipping-taxable purchasable product-type-simple\">\n\n\t<a href=\"http:\/\/pamiatki.leszno.pl\/index.php\/produkt\/kubek-ceramiczny-leszno\/\" class=\"woocommerce-LoopProduct-link woocommerce-loop-product__link\"><img width=\"300\" height=\"300\" src=\"http:\/\/pamiatki.leszno.pl\/wp-content\/uploads\/kubek-ceramika-300x300.jpg\" class=\"attachment-woocommerce_thumbnail size-woocommerce_thumbnail wp-post-image\" alt=\"\" decoding=\"async\" loading=\"lazy\" srcset=\"http:\/\/pamiatki.leszno.pl\/wp-content\/uploads\/kubek-ceramika-300x300.jpg 300w, http:\/\/pamiatki.leszno.pl\/wp-content\/uploads\/kubek-ceramika-100x100.jpg 100w, http:\/\/pamiatki.leszno.pl\/wp-content\/uploads\/kubek-ceramika-600x600.jpg 600w, http:\/\/pamiatki.leszno.pl\/wp-content\/uploads\/kubek-ceramika-350x350.jpg 350w\" sizes=\"(max-width: 300px) 100vw, 300px\" \/><a rel=\"nofollow\" href=\"\/index.php\/wp-json\/wp\/v2\/pages\/15?add-to-cart=1093\" data-quantity=\"1\" data-product_id=\"1093\" data-product_sku=\"\" class=\"button product_type_simple add_to_cart_button ajax_add_to_cart\">Dodaj do koszyka<\/a><h2 class=\"woocommerce-loop-product__title\">Kubek Ceramiczny &#8211; Leszno<\/h2>\n\t<span class=\"price\"><span class=\"woocommerce-Price-amount amount\">50,31&nbsp;<span class=\"woocommerce-Price-currencySymbol\">&#122;&#322;<\/span><\/span><\/span>\n<\/a>\n<\/li>\n<li class=\"post-927 product type-product status-publish has-post-thumbnail product_cat-kubki last instock shipping-taxable purchasable product-type-simple\">\n\n\t<a href=\"http:\/\/pamiatki.leszno.pl\/index.php\/produkt\/kubek-ceramiczny-leszno-kolor\/\" class=\"woocommerce-LoopProduct-link woocommerce-loop-product__link\"><img width=\"300\" height=\"300\" src=\"http:\/\/pamiatki.leszno.pl\/wp-content\/uploads\/PHOTO-2021-08-02-11-14-25-300x300.jpg\" class=\"attachment-woocommerce_thumbnail size-woocommerce_thumbnail wp-post-image\" alt=\"\" decoding=\"async\" loading=\"lazy\" srcset=\"http:\/\/pamiatki.leszno.pl\/wp-content\/uploads\/PHOTO-2021-08-02-11-14-25-300x300.jpg 300w, http:\/\/pamiatki.leszno.pl\/wp-content\/uploads\/PHOTO-2021-08-02-11-14-25-100x100.jpg 100w, http:\/\/pamiatki.leszno.pl\/wp-content\/uploads\/PHOTO-2021-08-02-11-14-25-600x600.jpg 600w, http:\/\/pamiatki.leszno.pl\/wp-content\/uploads\/PHOTO-2021-08-02-11-14-25-350x350.jpg 350w\" sizes=\"(max-width: 300px) 100vw, 300px\" \/><a rel=\"nofollow\" href=\"\/index.php\/wp-json\/wp\/v2\/pages\/15?add-to-cart=927\" data-quantity=\"1\" data-product_id=\"927\" data-product_sku=\"\" class=\"button product_type_simple add_to_cart_button ajax_add_to_cart\">Dodaj do koszyka<\/a><h2 class=\"woocommerce-loop-product__title\">Kubek ceramiczny &#8211; Leszno &#8211; kolorowy<\/h2>\n\t<span class=\"price\"><span class=\"woocommerce-Price-amount amount\">11,07&nbsp;<span class=\"woocommerce-Price-currencySymbol\">&#122;&#322;<\/span><\/span><\/span>\n<\/a>\n<\/li>\n<li class=\"first post-1206 product type-product status-publish has-post-thumbnail product_cat-kubki  instock shipping-taxable purchasable product-type-simple\">\n\n\t<a href=\"http:\/\/pamiatki.leszno.pl\/index.php\/produkt\/kubek-okolicznosciowy-cives-nostri\/\" class=\"woocommerce-LoopProduct-link woocommerce-loop-product__link\"><img width=\"300\" height=\"300\" src=\"http:\/\/pamiatki.leszno.pl\/wp-content\/uploads\/kubek-nostri-300x300.jpg\" class=\"attachment-woocommerce_thumbnail size-woocommerce_thumbnail wp-post-image\" alt=\"\" decoding=\"async\" loading=\"lazy\" srcset=\"http:\/\/pamiatki.leszno.pl\/wp-content\/uploads\/kubek-nostri-300x300.jpg 300w, http:\/\/pamiatki.leszno.pl\/wp-content\/uploads\/kubek-nostri-100x100.jpg 100w, http:\/\/pamiatki.leszno.pl\/wp-content\/uploads\/kubek-nostri-600x600.jpg 600w, http:\/\/pamiatki.leszno.pl\/wp-content\/uploads\/kubek-nostri-350x350.jpg 350w\" sizes=\"(max-width: 300px) 100vw, 300px\" \/><a rel=\"nofollow\" href=\"\/index.php\/wp-json\/wp\/v2\/pages\/15?add-to-cart=1206\" data-quantity=\"1\" data-product_id=\"1206\" data-product_sku=\"\" class=\"button product_type_simple add_to_cart_button ajax_add_to_cart\">Dodaj do koszyka<\/a><h2 class=\"woocommerce-loop-product__title\">Kubek okoliczno\u015bciowy Cives Nostri<\/h2>\n\t<span class=\"price\"><span class=\"woocommerce-Price-amount amount\">15,68&nbsp;<span class=\"woocommerce-Price-currencySymbol\">&#122;&#322;<\/span><\/span><\/span>\n<\/a>\n<\/li>\n<li class=\"last post-1157 product type-product status-publish has-post-thumbnail product_cat-ksiazki first instock shipping-taxable purchasable product-type-simple\">\n\n\t<a href=\"http:\/\/pamiatki.leszno.pl\/index.php\/produkt\/lekkoatletyka-w-lesznie-w-latach-1922-2022-piotr-giernas\/\" class=\"woocommerce-LoopProduct-link woocommerce-loop-product__link\"><img width=\"300\" height=\"300\" src=\"http:\/\/pamiatki.leszno.pl\/wp-content\/uploads\/lekkoatletyka-min-300x300.jpg\" class=\"attachment-woocommerce_thumbnail size-woocommerce_thumbnail wp-post-image\" alt=\"\" decoding=\"async\" loading=\"lazy\" srcset=\"http:\/\/pamiatki.leszno.pl\/wp-content\/uploads\/lekkoatletyka-min-300x300.jpg 300w, http:\/\/pamiatki.leszno.pl\/wp-content\/uploads\/lekkoatletyka-min-100x100.jpg 100w, http:\/\/pamiatki.leszno.pl\/wp-content\/uploads\/lekkoatletyka-min-600x600.jpg 600w, http:\/\/pamiatki.leszno.pl\/wp-content\/uploads\/lekkoatletyka-min-350x350.jpg 350w\" sizes=\"(max-width: 300px) 100vw, 300px\" \/><a rel=\"nofollow\" href=\"\/index.php\/wp-json\/wp\/v2\/pages\/15?add-to-cart=1157\" data-quantity=\"1\" data-product_id=\"1157\" data-product_sku=\"\" class=\"button product_type_simple add_to_cart_button ajax_add_to_cart\">Dodaj do koszyka<\/a><h2 class=\"woocommerce-loop-product__title\">Lekkoatletyka w Lesznie w latach 1922-2022 &#8211; Piotr Giernas<\/h2>\n\t<span class=\"price\"><span class=\"woocommerce-Price-amount amount\">57,75&nbsp;<span class=\"woocommerce-Price-currencySymbol\">&#122;&#322;<\/span><\/span><\/span>\n<\/a>\n<\/li>\n<li class=\"post-841 product type-product status-publish has-post-thumbnail product_cat-ksiazki last instock shipping-taxable purchasable product-type-simple\">\n\n\t<a href=\"http:\/\/pamiatki.leszno.pl\/index.php\/produkt\/leszczynski_samorzad_w_latach_1990-2020\/\" class=\"woocommerce-LoopProduct-link woocommerce-loop-product__link\"><img width=\"300\" height=\"300\" src=\"http:\/\/pamiatki.leszno.pl\/wp-content\/uploads\/IMG-0711-300x300.jpg\" class=\"attachment-woocommerce_thumbnail size-woocommerce_thumbnail wp-post-image\" alt=\"\" decoding=\"async\" loading=\"lazy\" srcset=\"http:\/\/pamiatki.leszno.pl\/wp-content\/uploads\/IMG-0711-300x300.jpg 300w, http:\/\/pamiatki.leszno.pl\/wp-content\/uploads\/IMG-0711-100x100.jpg 100w, http:\/\/pamiatki.leszno.pl\/wp-content\/uploads\/IMG-0711-600x600.jpg 600w, http:\/\/pamiatki.leszno.pl\/wp-content\/uploads\/IMG-0711-350x350.jpg 350w\" sizes=\"(max-width: 300px) 100vw, 300px\" \/><a rel=\"nofollow\" href=\"\/index.php\/wp-json\/wp\/v2\/pages\/15?add-to-cart=841\" data-quantity=\"1\" data-product_id=\"841\" data-product_sku=\"\" class=\"button product_type_simple add_to_cart_button ajax_add_to_cart\">Dodaj do koszyka<\/a><h2 class=\"woocommerce-loop-product__title\">Leszczy\u0144ski Samorz\u0105d w latach 1990 &#8211; 2020<\/h2>\n\t<span class=\"price\"><span class=\"woocommerce-Price-amount amount\">29,09&nbsp;<span class=\"woocommerce-Price-currencySymbol\">&#122;&#322;<\/span><\/span><\/span>\n<\/a>\n<\/li>\n<li class=\"first post-1333 product type-product status-publish has-post-thumbnail product_cat-ksiazki  instock shipping-taxable purchasable product-type-simple\">\n\n\t<a href=\"http:\/\/pamiatki.leszno.pl\/index.php\/produkt\/leszno-w-latach-1832-1914-w-drodze-ku-nowoczesnosci-miron-urbaniak\/\" class=\"woocommerce-LoopProduct-link woocommerce-loop-product__link\"><img width=\"300\" height=\"300\" src=\"http:\/\/pamiatki.leszno.pl\/wp-content\/uploads\/20250929_144633-min-300x300.jpg\" class=\"attachment-woocommerce_thumbnail size-woocommerce_thumbnail wp-post-image\" alt=\"\" decoding=\"async\" loading=\"lazy\" srcset=\"http:\/\/pamiatki.leszno.pl\/wp-content\/uploads\/20250929_144633-min-300x300.jpg 300w, http:\/\/pamiatki.leszno.pl\/wp-content\/uploads\/20250929_144633-min-100x100.jpg 100w, http:\/\/pamiatki.leszno.pl\/wp-content\/uploads\/20250929_144633-min-600x600.jpg 600w, http:\/\/pamiatki.leszno.pl\/wp-content\/uploads\/20250929_144633-min-350x350.jpg 350w\" sizes=\"(max-width: 300px) 100vw, 300px\" \/><a rel=\"nofollow\" href=\"\/index.php\/wp-json\/wp\/v2\/pages\/15?add-to-cart=1333\" data-quantity=\"1\" data-product_id=\"1333\" data-product_sku=\"\" class=\"button product_type_simple add_to_cart_button ajax_add_to_cart\">Dodaj do koszyka<\/a><h2 class=\"woocommerce-loop-product__title\">Leszno w latach 1832-1914 w drodze ku nowoczesno\u015bci. Miron Urbaniak.<\/h2>\n\t<span class=\"price\"><span class=\"woocommerce-Price-amount amount\">56,70&nbsp;<span class=\"woocommerce-Price-currencySymbol\">&#122;&#322;<\/span><\/span><\/span>\n<\/a>\n<\/li>\n<li class=\"last post-1141 product type-product status-publish has-post-thumbnail product_cat-ksiazki first instock shipping-taxable purchasable product-type-simple\">\n\n\t<a href=\"http:\/\/pamiatki.leszno.pl\/index.php\/produkt\/ludzie-i-czasy-tom-4\/\" class=\"woocommerce-LoopProduct-link woocommerce-loop-product__link\"><img width=\"300\" height=\"300\" src=\"http:\/\/pamiatki.leszno.pl\/wp-content\/uploads\/lic-2-min-300x300.jpg\" class=\"attachment-woocommerce_thumbnail size-woocommerce_thumbnail wp-post-image\" alt=\"\" decoding=\"async\" loading=\"lazy\" srcset=\"http:\/\/pamiatki.leszno.pl\/wp-content\/uploads\/lic-2-min-300x300.jpg 300w, http:\/\/pamiatki.leszno.pl\/wp-content\/uploads\/lic-2-min-100x100.jpg 100w, http:\/\/pamiatki.leszno.pl\/wp-content\/uploads\/lic-2-min-600x600.jpg 600w, http:\/\/pamiatki.leszno.pl\/wp-content\/uploads\/lic-2-min-350x350.jpg 350w\" sizes=\"(max-width: 300px) 100vw, 300px\" \/><a rel=\"nofollow\" href=\"\/index.php\/wp-json\/wp\/v2\/pages\/15?add-to-cart=1141\" data-quantity=\"1\" data-product_id=\"1141\" data-product_sku=\"\" class=\"button product_type_simple add_to_cart_button ajax_add_to_cart\">Dodaj do koszyka<\/a><h2 class=\"woocommerce-loop-product__title\">Ludzie i Czasy TOM 4<\/h2>\n\t<span class=\"price\"><span class=\"woocommerce-Price-amount amount\">36,62&nbsp;<span class=\"woocommerce-Price-currencySymbol\">&#122;&#322;<\/span><\/span><\/span>\n<\/a>\n<\/li>\n<li class=\"post-1170 product type-product status-publish has-post-thumbnail product_cat-pozostale last instock shipping-taxable purchasable product-type-simple\">\n\n\t<a href=\"http:\/\/pamiatki.leszno.pl\/index.php\/produkt\/lufa-bluza\/\" class=\"woocommerce-LoopProduct-link woocommerce-loop-product__link\"><img width=\"300\" height=\"300\" src=\"http:\/\/pamiatki.leszno.pl\/wp-content\/uploads\/lufa-bluza-tyl-min-300x300.jpg\" class=\"attachment-woocommerce_thumbnail size-woocommerce_thumbnail wp-post-image\" alt=\"\" decoding=\"async\" loading=\"lazy\" srcset=\"http:\/\/pamiatki.leszno.pl\/wp-content\/uploads\/lufa-bluza-tyl-min-300x300.jpg 300w, http:\/\/pamiatki.leszno.pl\/wp-content\/uploads\/lufa-bluza-tyl-min-100x100.jpg 100w, http:\/\/pamiatki.leszno.pl\/wp-content\/uploads\/lufa-bluza-tyl-min-600x600.jpg 600w, http:\/\/pamiatki.leszno.pl\/wp-content\/uploads\/lufa-bluza-tyl-min-350x350.jpg 350w\" sizes=\"(max-width: 300px) 100vw, 300px\" \/><a rel=\"nofollow\" href=\"\/index.php\/wp-json\/wp\/v2\/pages\/15?add-to-cart=1170\" data-quantity=\"1\" data-product_id=\"1170\" data-product_sku=\"\" class=\"button product_type_simple add_to_cart_button ajax_add_to_cart\">Dodaj do koszyka<\/a><h2 class=\"woocommerce-loop-product__title\">LUFA &#8211; Bluza<\/h2>\n\t<span class=\"price\"><span class=\"woocommerce-Price-amount amount\">70,09&nbsp;<span class=\"woocommerce-Price-currencySymbol\">&#122;&#322;<\/span><\/span><\/span>\n<\/a>\n<\/li>\n<li class=\"first post-1163 product type-product status-publish has-post-thumbnail product_cat-kubki  instock shipping-taxable purchasable product-type-simple\">\n\n\t<a href=\"http:\/\/pamiatki.leszno.pl\/index.php\/produkt\/lufa-kubek\/\" class=\"woocommerce-LoopProduct-link woocommerce-loop-product__link\"><img width=\"300\" height=\"300\" src=\"http:\/\/pamiatki.leszno.pl\/wp-content\/uploads\/lufa-kubek-min-300x300.jpg\" class=\"attachment-woocommerce_thumbnail size-woocommerce_thumbnail wp-post-image\" alt=\"\" decoding=\"async\" loading=\"lazy\" srcset=\"http:\/\/pamiatki.leszno.pl\/wp-content\/uploads\/lufa-kubek-min-300x300.jpg 300w, http:\/\/pamiatki.leszno.pl\/wp-content\/uploads\/lufa-kubek-min-100x100.jpg 100w, http:\/\/pamiatki.leszno.pl\/wp-content\/uploads\/lufa-kubek-min-600x600.jpg 600w, http:\/\/pamiatki.leszno.pl\/wp-content\/uploads\/lufa-kubek-min-350x350.jpg 350w\" sizes=\"(max-width: 300px) 100vw, 300px\" \/><a rel=\"nofollow\" href=\"\/index.php\/wp-json\/wp\/v2\/pages\/15?add-to-cart=1163\" data-quantity=\"1\" data-product_id=\"1163\" data-product_sku=\"\" class=\"button product_type_simple add_to_cart_button ajax_add_to_cart\">Dodaj do koszyka<\/a><h2 class=\"woocommerce-loop-product__title\">LUFA &#8211; Kubek<\/h2>\n\t<span class=\"price\"><span class=\"woocommerce-Price-amount amount\">14,82&nbsp;<span class=\"woocommerce-Price-currencySymbol\">&#122;&#322;<\/span><\/span><\/span>\n<\/a>\n<\/li>\n<li class=\"last post-1165 product type-product status-publish has-post-thumbnail product_cat-pozostale first instock shipping-taxable purchasable product-type-simple\">\n\n\t<a href=\"http:\/\/pamiatki.leszno.pl\/index.php\/produkt\/lufa-opaska-sylikonowa\/\" class=\"woocommerce-LoopProduct-link woocommerce-loop-product__link\"><img width=\"300\" height=\"300\" src=\"http:\/\/pamiatki.leszno.pl\/wp-content\/uploads\/lufa-opaska-min-300x300.jpg\" class=\"attachment-woocommerce_thumbnail size-woocommerce_thumbnail wp-post-image\" alt=\"\" decoding=\"async\" loading=\"lazy\" srcset=\"http:\/\/pamiatki.leszno.pl\/wp-content\/uploads\/lufa-opaska-min-300x300.jpg 300w, http:\/\/pamiatki.leszno.pl\/wp-content\/uploads\/lufa-opaska-min-100x100.jpg 100w, http:\/\/pamiatki.leszno.pl\/wp-content\/uploads\/lufa-opaska-min-600x600.jpg 600w, http:\/\/pamiatki.leszno.pl\/wp-content\/uploads\/lufa-opaska-min-350x350.jpg 350w\" sizes=\"(max-width: 300px) 100vw, 300px\" \/><a rel=\"nofollow\" href=\"\/index.php\/wp-json\/wp\/v2\/pages\/15?add-to-cart=1165\" data-quantity=\"1\" data-product_id=\"1165\" data-product_sku=\"\" class=\"button product_type_simple add_to_cart_button ajax_add_to_cart\">Dodaj do koszyka<\/a><h2 class=\"woocommerce-loop-product__title\">LUFA &#8211; opaska sylikonowa<\/h2>\n\t<span class=\"price\"><span class=\"woocommerce-Price-amount amount\">2,44&nbsp;<span class=\"woocommerce-Price-currencySymbol\">&#122;&#322;<\/span><\/span><\/span>\n<\/a>\n<\/li>\n<li class=\"post-1161 product type-product status-publish has-post-thumbnail product_cat-pozostale last instock shipping-taxable purchasable product-type-simple\">\n\n\t<a href=\"http:\/\/pamiatki.leszno.pl\/index.php\/produkt\/lufa-torba\/\" class=\"woocommerce-LoopProduct-link woocommerce-loop-product__link\"><img width=\"300\" height=\"300\" src=\"http:\/\/pamiatki.leszno.pl\/wp-content\/uploads\/lufa-torba-nowa-min-300x300.jpg\" class=\"attachment-woocommerce_thumbnail size-woocommerce_thumbnail wp-post-image\" alt=\"\" decoding=\"async\" loading=\"lazy\" srcset=\"http:\/\/pamiatki.leszno.pl\/wp-content\/uploads\/lufa-torba-nowa-min-300x300.jpg 300w, http:\/\/pamiatki.leszno.pl\/wp-content\/uploads\/lufa-torba-nowa-min-100x100.jpg 100w, http:\/\/pamiatki.leszno.pl\/wp-content\/uploads\/lufa-torba-nowa-min-600x600.jpg 600w, http:\/\/pamiatki.leszno.pl\/wp-content\/uploads\/lufa-torba-nowa-min-350x350.jpg 350w\" sizes=\"(max-width: 300px) 100vw, 300px\" \/><a rel=\"nofollow\" href=\"\/index.php\/wp-json\/wp\/v2\/pages\/15?add-to-cart=1161\" data-quantity=\"1\" data-product_id=\"1161\" data-product_sku=\"\" class=\"button product_type_simple add_to_cart_button ajax_add_to_cart\">Dodaj do koszyka<\/a><h2 class=\"woocommerce-loop-product__title\">LUFA &#8211; Torba<\/h2>\n\t<span class=\"price\"><span class=\"woocommerce-Price-amount amount\">7,38&nbsp;<span class=\"woocommerce-Price-currencySymbol\">&#122;&#322;<\/span><\/span><\/span>\n<\/a>\n<\/li>\n<li class=\"first post-1159 product type-product status-publish has-post-thumbnail product_cat-pozostale  instock shipping-taxable purchasable product-type-simple\">\n\n\t<a href=\"http:\/\/pamiatki.leszno.pl\/index.php\/produkt\/lufa-worek\/\" class=\"woocommerce-LoopProduct-link woocommerce-loop-product__link\"><img width=\"300\" height=\"300\" src=\"http:\/\/pamiatki.leszno.pl\/wp-content\/uploads\/lufa-plecak-min-300x300.jpg\" class=\"attachment-woocommerce_thumbnail size-woocommerce_thumbnail wp-post-image\" alt=\"\" decoding=\"async\" loading=\"lazy\" srcset=\"http:\/\/pamiatki.leszno.pl\/wp-content\/uploads\/lufa-plecak-min-300x300.jpg 300w, http:\/\/pamiatki.leszno.pl\/wp-content\/uploads\/lufa-plecak-min-150x150.jpg 150w, http:\/\/pamiatki.leszno.pl\/wp-content\/uploads\/lufa-plecak-min-1020x1024.jpg 1020w, http:\/\/pamiatki.leszno.pl\/wp-content\/uploads\/lufa-plecak-min-100x100.jpg 100w, http:\/\/pamiatki.leszno.pl\/wp-content\/uploads\/lufa-plecak-min-768x771.jpg 768w, http:\/\/pamiatki.leszno.pl\/wp-content\/uploads\/lufa-plecak-min-1529x1536.jpg 1529w, http:\/\/pamiatki.leszno.pl\/wp-content\/uploads\/lufa-plecak-min-2039x2048.jpg 2039w, http:\/\/pamiatki.leszno.pl\/wp-content\/uploads\/lufa-plecak-min-600x600.jpg 600w, http:\/\/pamiatki.leszno.pl\/wp-content\/uploads\/lufa-plecak-min-350x350.jpg 350w\" sizes=\"(max-width: 300px) 100vw, 300px\" \/><a rel=\"nofollow\" href=\"\/index.php\/wp-json\/wp\/v2\/pages\/15?add-to-cart=1159\" data-quantity=\"1\" data-product_id=\"1159\" data-product_sku=\"\" class=\"button product_type_simple add_to_cart_button ajax_add_to_cart\">Dodaj do koszyka<\/a><h2 class=\"woocommerce-loop-product__title\">LUFA &#8211; Worek<\/h2>\n\t<span class=\"price\"><span class=\"woocommerce-Price-amount amount\">13,22&nbsp;<span class=\"woocommerce-Price-currencySymbol\">&#122;&#322;<\/span><\/span><\/span>\n<\/a>\n<\/li>\n<li class=\"last post-1345 product type-product status-publish has-post-thumbnail product_cat-magnesy first instock shipping-taxable purchasable product-type-simple\">\n\n\t<a href=\"http:\/\/pamiatki.leszno.pl\/index.php\/produkt\/magnes-leszczynskie\/\" class=\"woocommerce-LoopProduct-link woocommerce-loop-product__link\"><img width=\"300\" height=\"300\" src=\"http:\/\/pamiatki.leszno.pl\/wp-content\/uploads\/magnes-krol-min-300x300.jpg\" class=\"attachment-woocommerce_thumbnail size-woocommerce_thumbnail wp-post-image\" alt=\"\" decoding=\"async\" loading=\"lazy\" srcset=\"http:\/\/pamiatki.leszno.pl\/wp-content\/uploads\/magnes-krol-min-300x300.jpg 300w, http:\/\/pamiatki.leszno.pl\/wp-content\/uploads\/magnes-krol-min-100x100.jpg 100w, http:\/\/pamiatki.leszno.pl\/wp-content\/uploads\/magnes-krol-min-600x600.jpg 600w, http:\/\/pamiatki.leszno.pl\/wp-content\/uploads\/magnes-krol-min-350x350.jpg 350w\" sizes=\"(max-width: 300px) 100vw, 300px\" \/><a rel=\"nofollow\" href=\"\/index.php\/wp-json\/wp\/v2\/pages\/15?add-to-cart=1345\" data-quantity=\"1\" data-product_id=\"1345\" data-product_sku=\"\" class=\"button product_type_simple add_to_cart_button ajax_add_to_cart\">Dodaj do koszyka<\/a><h2 class=\"woocommerce-loop-product__title\">Magnes &#8211; Leszczy\u0144skie.<\/h2>\n\t<span class=\"price\"><span class=\"woocommerce-Price-amount amount\">4,31&nbsp;<span class=\"woocommerce-Price-currencySymbol\">&#122;&#322;<\/span><\/span><\/span>\n<\/a>\n<\/li>\n<li class=\"post-890 product type-product status-publish has-post-thumbnail product_cat-magnesy last instock shipping-taxable purchasable product-type-simple\">\n\n\t<a href=\"http:\/\/pamiatki.leszno.pl\/index.php\/produkt\/magnes-leszno-akwarela\/\" class=\"woocommerce-LoopProduct-link woocommerce-loop-product__link\"><img width=\"300\" height=\"300\" src=\"http:\/\/pamiatki.leszno.pl\/wp-content\/uploads\/156425025_887234208704734_4806666865588226580_n-300x300.jpg\" class=\"attachment-woocommerce_thumbnail size-woocommerce_thumbnail wp-post-image\" alt=\"\" decoding=\"async\" loading=\"lazy\" srcset=\"http:\/\/pamiatki.leszno.pl\/wp-content\/uploads\/156425025_887234208704734_4806666865588226580_n-300x300.jpg 300w, http:\/\/pamiatki.leszno.pl\/wp-content\/uploads\/156425025_887234208704734_4806666865588226580_n-100x100.jpg 100w, http:\/\/pamiatki.leszno.pl\/wp-content\/uploads\/156425025_887234208704734_4806666865588226580_n-600x600.jpg 600w, http:\/\/pamiatki.leszno.pl\/wp-content\/uploads\/156425025_887234208704734_4806666865588226580_n-350x350.jpg 350w\" sizes=\"(max-width: 300px) 100vw, 300px\" \/><a rel=\"nofollow\" href=\"\/index.php\/wp-json\/wp\/v2\/pages\/15?add-to-cart=890\" data-quantity=\"1\" data-product_id=\"890\" data-product_sku=\"\" class=\"button product_type_simple add_to_cart_button ajax_add_to_cart\">Dodaj do koszyka<\/a><h2 class=\"woocommerce-loop-product__title\">Magnes &#8211; Leszno &#8211; akwarela<\/h2>\n\t<span class=\"price\"><span class=\"woocommerce-Price-amount amount\">12,50&nbsp;<span class=\"woocommerce-Price-currencySymbol\">&#122;&#322;<\/span><\/span><\/span>\n<\/a>\n<\/li>\n<li class=\"first post-882 product type-product status-publish has-post-thumbnail product_cat-magnesy  instock shipping-taxable purchasable product-type-simple\">\n\n\t<a href=\"http:\/\/pamiatki.leszno.pl\/index.php\/produkt\/magnes-leszno-rycina\/\" class=\"woocommerce-LoopProduct-link woocommerce-loop-product__link\"><img width=\"300\" height=\"300\" src=\"http:\/\/pamiatki.leszno.pl\/wp-content\/uploads\/156363731_711315032883578_8263381692527653872_n-300x300.jpg\" class=\"attachment-woocommerce_thumbnail size-woocommerce_thumbnail wp-post-image\" alt=\"\" decoding=\"async\" loading=\"lazy\" srcset=\"http:\/\/pamiatki.leszno.pl\/wp-content\/uploads\/156363731_711315032883578_8263381692527653872_n-300x300.jpg 300w, http:\/\/pamiatki.leszno.pl\/wp-content\/uploads\/156363731_711315032883578_8263381692527653872_n-100x100.jpg 100w, http:\/\/pamiatki.leszno.pl\/wp-content\/uploads\/156363731_711315032883578_8263381692527653872_n-600x600.jpg 600w, http:\/\/pamiatki.leszno.pl\/wp-content\/uploads\/156363731_711315032883578_8263381692527653872_n-350x350.jpg 350w\" sizes=\"(max-width: 300px) 100vw, 300px\" \/><a rel=\"nofollow\" href=\"\/index.php\/wp-json\/wp\/v2\/pages\/15?add-to-cart=882\" data-quantity=\"1\" data-product_id=\"882\" data-product_sku=\"\" class=\"button product_type_simple add_to_cart_button ajax_add_to_cart\">Dodaj do koszyka<\/a><h2 class=\"woocommerce-loop-product__title\">Magnes &#8211; Leszno &#8211; drzeworyt<\/h2>\n\t<span class=\"price\"><span class=\"woocommerce-Price-amount amount\">12,50&nbsp;<span class=\"woocommerce-Price-currencySymbol\">&#122;&#322;<\/span><\/span><\/span>\n<\/a>\n<\/li>\n<li class=\"last post-916 product type-product status-publish has-post-thumbnail product_cat-magnesy first instock shipping-taxable purchasable product-type-simple\">\n\n\t<a href=\"http:\/\/pamiatki.leszno.pl\/index.php\/produkt\/magnes-leszno\/\" class=\"woocommerce-LoopProduct-link woocommerce-loop-product__link\"><img width=\"300\" height=\"300\" src=\"http:\/\/pamiatki.leszno.pl\/wp-content\/uploads\/PHOTO-2021-08-02-11-14-43-300x300.jpg\" class=\"attachment-woocommerce_thumbnail size-woocommerce_thumbnail wp-post-image\" alt=\"\" decoding=\"async\" loading=\"lazy\" srcset=\"http:\/\/pamiatki.leszno.pl\/wp-content\/uploads\/PHOTO-2021-08-02-11-14-43-300x300.jpg 300w, http:\/\/pamiatki.leszno.pl\/wp-content\/uploads\/PHOTO-2021-08-02-11-14-43-100x100.jpg 100w, http:\/\/pamiatki.leszno.pl\/wp-content\/uploads\/PHOTO-2021-08-02-11-14-43-150x150.jpg 150w, http:\/\/pamiatki.leszno.pl\/wp-content\/uploads\/PHOTO-2021-08-02-11-14-43-768x768.jpg 768w, http:\/\/pamiatki.leszno.pl\/wp-content\/uploads\/PHOTO-2021-08-02-11-14-43-1024x1024.jpg 1024w, http:\/\/pamiatki.leszno.pl\/wp-content\/uploads\/PHOTO-2021-08-02-11-14-43-600x600.jpg 600w, http:\/\/pamiatki.leszno.pl\/wp-content\/uploads\/PHOTO-2021-08-02-11-14-43-350x350.jpg 350w, http:\/\/pamiatki.leszno.pl\/wp-content\/uploads\/PHOTO-2021-08-02-11-14-43.jpg 1920w\" sizes=\"(max-width: 300px) 100vw, 300px\" \/><a rel=\"nofollow\" href=\"\/index.php\/wp-json\/wp\/v2\/pages\/15?add-to-cart=916\" data-quantity=\"1\" data-product_id=\"916\" data-product_sku=\"\" class=\"button product_type_simple add_to_cart_button ajax_add_to_cart\">Dodaj do koszyka<\/a><h2 class=\"woocommerce-loop-product__title\">Magnes &#8211; Leszno -Rynek<\/h2>\n\t<span class=\"price\"><span class=\"woocommerce-Price-amount amount\">4,31&nbsp;<span class=\"woocommerce-Price-currencySymbol\">&#122;&#322;<\/span><\/span><\/span>\n<\/a>\n<\/li>\n<li class=\"post-663 product type-product status-publish has-post-thumbnail product_cat-magnesy last instock shipping-taxable purchasable product-type-simple\">\n\n\t<a href=\"http:\/\/pamiatki.leszno.pl\/index.php\/produkt\/magnes-leszno-panorama\/\" class=\"woocommerce-LoopProduct-link woocommerce-loop-product__link\"><img width=\"300\" height=\"300\" src=\"http:\/\/pamiatki.leszno.pl\/wp-content\/uploads\/online_024-300x300.jpg\" class=\"attachment-woocommerce_thumbnail size-woocommerce_thumbnail wp-post-image\" alt=\"\" decoding=\"async\" loading=\"lazy\" srcset=\"http:\/\/pamiatki.leszno.pl\/wp-content\/uploads\/online_024-300x300.jpg 300w, http:\/\/pamiatki.leszno.pl\/wp-content\/uploads\/online_024-150x150.jpg 150w, http:\/\/pamiatki.leszno.pl\/wp-content\/uploads\/online_024-600x600.jpg 600w, http:\/\/pamiatki.leszno.pl\/wp-content\/uploads\/online_024-350x350.jpg 350w, http:\/\/pamiatki.leszno.pl\/wp-content\/uploads\/online_024-100x100.jpg 100w\" sizes=\"(max-width: 300px) 100vw, 300px\" \/><a rel=\"nofollow\" href=\"\/index.php\/wp-json\/wp\/v2\/pages\/15?add-to-cart=663\" data-quantity=\"1\" data-product_id=\"663\" data-product_sku=\"\" class=\"button product_type_simple add_to_cart_button ajax_add_to_cart\">Dodaj do koszyka<\/a><h2 class=\"woocommerce-loop-product__title\">Magnes &#8211; Leszno panorama<\/h2>\n\t<span class=\"price\"><span class=\"woocommerce-Price-amount amount\">5,41&nbsp;<span class=\"woocommerce-Price-currencySymbol\">&#122;&#322;<\/span><\/span><\/span>\n<\/a>\n<\/li>\n<li class=\"first post-833 product type-product status-publish has-post-thumbnail product_cat-magnesy  instock shipping-taxable purchasable product-type-simple\">\n\n\t<a href=\"http:\/\/pamiatki.leszno.pl\/index.php\/produkt\/magnes-leszno-panorama2-3d\/\" class=\"woocommerce-LoopProduct-link woocommerce-loop-product__link\"><img width=\"300\" height=\"300\" src=\"http:\/\/pamiatki.leszno.pl\/wp-content\/uploads\/IMG-0451-300x300.jpg\" class=\"attachment-woocommerce_thumbnail size-woocommerce_thumbnail wp-post-image\" alt=\"\" decoding=\"async\" loading=\"lazy\" srcset=\"http:\/\/pamiatki.leszno.pl\/wp-content\/uploads\/IMG-0451-300x300.jpg 300w, http:\/\/pamiatki.leszno.pl\/wp-content\/uploads\/IMG-0451-100x100.jpg 100w, http:\/\/pamiatki.leszno.pl\/wp-content\/uploads\/IMG-0451-600x600.jpg 600w, http:\/\/pamiatki.leszno.pl\/wp-content\/uploads\/IMG-0451-350x350.jpg 350w\" sizes=\"(max-width: 300px) 100vw, 300px\" \/><a rel=\"nofollow\" href=\"\/index.php\/wp-json\/wp\/v2\/pages\/15?add-to-cart=833\" data-quantity=\"1\" data-product_id=\"833\" data-product_sku=\"\" class=\"button product_type_simple add_to_cart_button ajax_add_to_cart\">Dodaj do koszyka<\/a><h2 class=\"woocommerce-loop-product__title\">Magnes &#8211; Leszno panorama 2 &#8211; 3D<\/h2>\n\t<span class=\"price\"><span class=\"woocommerce-Price-amount amount\">5,41&nbsp;<span class=\"woocommerce-Price-currencySymbol\">&#122;&#322;<\/span><\/span><\/span>\n<\/a>\n<\/li>\n<li class=\"last post-831 product type-product status-publish has-post-thumbnail product_cat-magnesy first instock shipping-taxable purchasable product-type-simple\">\n\n\t<a href=\"http:\/\/pamiatki.leszno.pl\/index.php\/produkt\/magnes-leszno-panorama-3d\/\" class=\"woocommerce-LoopProduct-link woocommerce-loop-product__link\"><img width=\"300\" height=\"300\" src=\"http:\/\/pamiatki.leszno.pl\/wp-content\/uploads\/IMG-0448-300x300.jpg\" class=\"attachment-woocommerce_thumbnail size-woocommerce_thumbnail wp-post-image\" alt=\"\" decoding=\"async\" loading=\"lazy\" srcset=\"http:\/\/pamiatki.leszno.pl\/wp-content\/uploads\/IMG-0448-300x300.jpg 300w, http:\/\/pamiatki.leszno.pl\/wp-content\/uploads\/IMG-0448-100x100.jpg 100w, http:\/\/pamiatki.leszno.pl\/wp-content\/uploads\/IMG-0448-600x600.jpg 600w, http:\/\/pamiatki.leszno.pl\/wp-content\/uploads\/IMG-0448-350x350.jpg 350w\" sizes=\"(max-width: 300px) 100vw, 300px\" \/><a rel=\"nofollow\" href=\"\/index.php\/wp-json\/wp\/v2\/pages\/15?add-to-cart=831\" data-quantity=\"1\" data-product_id=\"831\" data-product_sku=\"\" class=\"button product_type_simple add_to_cart_button ajax_add_to_cart\">Dodaj do koszyka<\/a><h2 class=\"woocommerce-loop-product__title\">Magnes &#8211; Leszno panorama 3D<\/h2>\n\t<span class=\"price\"><span class=\"woocommerce-Price-amount amount\">5,41&nbsp;<span class=\"woocommerce-Price-currencySymbol\">&#122;&#322;<\/span><\/span><\/span>\n<\/a>\n<\/li>\n<li class=\"post-834 product type-product status-publish has-post-thumbnail product_cat-magnesy last instock shipping-taxable purchasable product-type-simple\">\n\n\t<a href=\"http:\/\/pamiatki.leszno.pl\/index.php\/produkt\/magnes-leszno-parasolki-nowy\/\" class=\"woocommerce-LoopProduct-link woocommerce-loop-product__link\"><img width=\"300\" height=\"300\" src=\"http:\/\/pamiatki.leszno.pl\/wp-content\/uploads\/IMG-0450-300x300.jpg\" class=\"attachment-woocommerce_thumbnail size-woocommerce_thumbnail wp-post-image\" alt=\"\" decoding=\"async\" loading=\"lazy\" srcset=\"http:\/\/pamiatki.leszno.pl\/wp-content\/uploads\/IMG-0450-300x300.jpg 300w, http:\/\/pamiatki.leszno.pl\/wp-content\/uploads\/IMG-0450-100x100.jpg 100w, http:\/\/pamiatki.leszno.pl\/wp-content\/uploads\/IMG-0450-600x600.jpg 600w, http:\/\/pamiatki.leszno.pl\/wp-content\/uploads\/IMG-0450-350x350.jpg 350w\" sizes=\"(max-width: 300px) 100vw, 300px\" \/><a rel=\"nofollow\" href=\"\/index.php\/wp-json\/wp\/v2\/pages\/15?add-to-cart=834\" data-quantity=\"1\" data-product_id=\"834\" data-product_sku=\"\" class=\"button product_type_simple add_to_cart_button ajax_add_to_cart\">Dodaj do koszyka<\/a><h2 class=\"woocommerce-loop-product__title\">Magnes &#8211; Leszno parasolki &#8211; Nowy<\/h2>\n\t<span class=\"price\"><span class=\"woocommerce-Price-amount amount\">5,41&nbsp;<span class=\"woocommerce-Price-currencySymbol\">&#122;&#322;<\/span><\/span><\/span>\n<\/a>\n<\/li>\n<li class=\"first post-666 product type-product status-publish has-post-thumbnail product_cat-magnesy  instock shipping-taxable purchasable product-type-simple\">\n\n\t<a href=\"http:\/\/pamiatki.leszno.pl\/index.php\/produkt\/magnes-leszno-ratusz-b-w\/\" class=\"woocommerce-LoopProduct-link woocommerce-loop-product__link\"><img width=\"300\" height=\"300\" src=\"http:\/\/pamiatki.leszno.pl\/wp-content\/uploads\/online_025-300x300.jpg\" class=\"attachment-woocommerce_thumbnail size-woocommerce_thumbnail wp-post-image\" alt=\"\" decoding=\"async\" loading=\"lazy\" srcset=\"http:\/\/pamiatki.leszno.pl\/wp-content\/uploads\/online_025-300x300.jpg 300w, http:\/\/pamiatki.leszno.pl\/wp-content\/uploads\/online_025-150x150.jpg 150w, http:\/\/pamiatki.leszno.pl\/wp-content\/uploads\/online_025-600x600.jpg 600w, http:\/\/pamiatki.leszno.pl\/wp-content\/uploads\/online_025-350x350.jpg 350w, http:\/\/pamiatki.leszno.pl\/wp-content\/uploads\/online_025-100x100.jpg 100w\" sizes=\"(max-width: 300px) 100vw, 300px\" \/><a rel=\"nofollow\" href=\"\/index.php\/wp-json\/wp\/v2\/pages\/15?add-to-cart=666\" data-quantity=\"1\" data-product_id=\"666\" data-product_sku=\"\" class=\"button product_type_simple add_to_cart_button ajax_add_to_cart\">Dodaj do koszyka<\/a><h2 class=\"woocommerce-loop-product__title\">Magnes &#8211; Leszno ratusz B\/W<\/h2>\n\t<span class=\"price\"><span class=\"woocommerce-Price-amount amount\">5,41&nbsp;<span class=\"woocommerce-Price-currencySymbol\">&#122;&#322;<\/span><\/span><\/span>\n<\/a>\n<\/li>\n<li class=\"last post-664 product type-product status-publish has-post-thumbnail product_cat-magnesy first instock shipping-taxable purchasable product-type-simple\">\n\n\t<a href=\"http:\/\/pamiatki.leszno.pl\/index.php\/produkt\/magnes-leszno-wiatrak\/\" class=\"woocommerce-LoopProduct-link woocommerce-loop-product__link\"><img width=\"300\" height=\"300\" src=\"http:\/\/pamiatki.leszno.pl\/wp-content\/uploads\/online_026-300x300.jpg\" class=\"attachment-woocommerce_thumbnail size-woocommerce_thumbnail wp-post-image\" alt=\"\" decoding=\"async\" loading=\"lazy\" srcset=\"http:\/\/pamiatki.leszno.pl\/wp-content\/uploads\/online_026-300x300.jpg 300w, http:\/\/pamiatki.leszno.pl\/wp-content\/uploads\/online_026-150x150.jpg 150w, http:\/\/pamiatki.leszno.pl\/wp-content\/uploads\/online_026-600x600.jpg 600w, http:\/\/pamiatki.leszno.pl\/wp-content\/uploads\/online_026-350x350.jpg 350w, http:\/\/pamiatki.leszno.pl\/wp-content\/uploads\/online_026-100x100.jpg 100w\" sizes=\"(max-width: 300px) 100vw, 300px\" \/><a rel=\"nofollow\" href=\"\/index.php\/wp-json\/wp\/v2\/pages\/15?add-to-cart=664\" data-quantity=\"1\" data-product_id=\"664\" data-product_sku=\"\" class=\"button product_type_simple add_to_cart_button ajax_add_to_cart\">Dodaj do koszyka<\/a><h2 class=\"woocommerce-loop-product__title\">Magnes &#8211; Leszno wiatrak<\/h2>\n\t<span class=\"price\"><span class=\"woocommerce-Price-amount amount\">5,41&nbsp;<span class=\"woocommerce-Price-currencySymbol\">&#122;&#322;<\/span><\/span><\/span>\n<\/a>\n<\/li>\n<li class=\"post-662 product type-product status-publish has-post-thumbnail product_cat-magnesy last instock shipping-taxable purchasable product-type-simple\">\n\n\t<a href=\"http:\/\/pamiatki.leszno.pl\/index.php\/produkt\/magnes-leszno-zuzel\/\" class=\"woocommerce-LoopProduct-link woocommerce-loop-product__link\"><img width=\"300\" height=\"300\" src=\"http:\/\/pamiatki.leszno.pl\/wp-content\/uploads\/online_023-300x300.jpg\" class=\"attachment-woocommerce_thumbnail size-woocommerce_thumbnail wp-post-image\" alt=\"\" decoding=\"async\" loading=\"lazy\" srcset=\"http:\/\/pamiatki.leszno.pl\/wp-content\/uploads\/online_023-300x300.jpg 300w, http:\/\/pamiatki.leszno.pl\/wp-content\/uploads\/online_023-150x150.jpg 150w, http:\/\/pamiatki.leszno.pl\/wp-content\/uploads\/online_023-600x600.jpg 600w, http:\/\/pamiatki.leszno.pl\/wp-content\/uploads\/online_023-350x350.jpg 350w, http:\/\/pamiatki.leszno.pl\/wp-content\/uploads\/online_023-100x100.jpg 100w\" sizes=\"(max-width: 300px) 100vw, 300px\" \/><a rel=\"nofollow\" href=\"\/index.php\/wp-json\/wp\/v2\/pages\/15?add-to-cart=662\" data-quantity=\"1\" data-product_id=\"662\" data-product_sku=\"\" class=\"button product_type_simple add_to_cart_button ajax_add_to_cart\">Dodaj do koszyka<\/a><h2 class=\"woocommerce-loop-product__title\">Magnes &#8211; Leszno \u017cu\u017cel<\/h2>\n\t<span class=\"price\"><span class=\"woocommerce-Price-amount amount\">5,41&nbsp;<span class=\"woocommerce-Price-currencySymbol\">&#122;&#322;<\/span><\/span><\/span>\n<\/a>\n<\/li>\n<li class=\"first post-403 product type-product status-publish has-post-thumbnail product_cat-magnesy  instock shipping-taxable purchasable product-type-simple\">\n\n\t<a href=\"http:\/\/pamiatki.leszno.pl\/index.php\/produkt\/magnes-na-lodowke-model-921-04\/\" class=\"woocommerce-LoopProduct-link woocommerce-loop-product__link\"><img width=\"300\" height=\"300\" src=\"http:\/\/pamiatki.leszno.pl\/wp-content\/uploads\/540-4-300x300.jpg\" class=\"attachment-woocommerce_thumbnail size-woocommerce_thumbnail wp-post-image\" alt=\"\" decoding=\"async\" loading=\"lazy\" srcset=\"http:\/\/pamiatki.leszno.pl\/wp-content\/uploads\/540-4-300x300.jpg 300w, http:\/\/pamiatki.leszno.pl\/wp-content\/uploads\/540-4-150x150.jpg 150w, http:\/\/pamiatki.leszno.pl\/wp-content\/uploads\/540-4-768x768.jpg 768w, http:\/\/pamiatki.leszno.pl\/wp-content\/uploads\/540-4-1024x1024.jpg 1024w, http:\/\/pamiatki.leszno.pl\/wp-content\/uploads\/540-4-600x600.jpg 600w, http:\/\/pamiatki.leszno.pl\/wp-content\/uploads\/540-4-350x350.jpg 350w, http:\/\/pamiatki.leszno.pl\/wp-content\/uploads\/540-4-100x100.jpg 100w, http:\/\/pamiatki.leszno.pl\/wp-content\/uploads\/540-4.jpg 1368w\" sizes=\"(max-width: 300px) 100vw, 300px\" \/><a rel=\"nofollow\" href=\"\/index.php\/wp-json\/wp\/v2\/pages\/15?add-to-cart=403\" data-quantity=\"1\" data-product_id=\"403\" data-product_sku=\"\" class=\"button product_type_simple add_to_cart_button ajax_add_to_cart\">Dodaj do koszyka<\/a><h2 class=\"woocommerce-loop-product__title\">Magnes na lod\u00f3wk\u0119 Model 921\/04<\/h2>\n\t<span class=\"price\"><span class=\"woocommerce-Price-amount amount\">5,41&nbsp;<span class=\"woocommerce-Price-currencySymbol\">&#122;&#322;<\/span><\/span><\/span>\n<\/a>\n<\/li>\n<li class=\"last post-405 product type-product status-publish has-post-thumbnail product_cat-magnesy first instock shipping-taxable purchasable product-type-simple\">\n\n\t<a href=\"http:\/\/pamiatki.leszno.pl\/index.php\/produkt\/magnes-na-lodowke-model-921-05\/\" class=\"woocommerce-LoopProduct-link woocommerce-loop-product__link\"><img width=\"300\" height=\"300\" src=\"http:\/\/pamiatki.leszno.pl\/wp-content\/uploads\/540-5-300x300.jpg\" class=\"attachment-woocommerce_thumbnail size-woocommerce_thumbnail wp-post-image\" alt=\"\" decoding=\"async\" loading=\"lazy\" srcset=\"http:\/\/pamiatki.leszno.pl\/wp-content\/uploads\/540-5-300x300.jpg 300w, http:\/\/pamiatki.leszno.pl\/wp-content\/uploads\/540-5-150x150.jpg 150w, http:\/\/pamiatki.leszno.pl\/wp-content\/uploads\/540-5-768x768.jpg 768w, http:\/\/pamiatki.leszno.pl\/wp-content\/uploads\/540-5-1024x1024.jpg 1024w, http:\/\/pamiatki.leszno.pl\/wp-content\/uploads\/540-5-600x600.jpg 600w, http:\/\/pamiatki.leszno.pl\/wp-content\/uploads\/540-5-350x350.jpg 350w, http:\/\/pamiatki.leszno.pl\/wp-content\/uploads\/540-5-100x100.jpg 100w, http:\/\/pamiatki.leszno.pl\/wp-content\/uploads\/540-5.jpg 1579w\" sizes=\"(max-width: 300px) 100vw, 300px\" \/><a rel=\"nofollow\" href=\"\/index.php\/wp-json\/wp\/v2\/pages\/15?add-to-cart=405\" data-quantity=\"1\" data-product_id=\"405\" data-product_sku=\"\" class=\"button product_type_simple add_to_cart_button ajax_add_to_cart\">Dodaj do koszyka<\/a><h2 class=\"woocommerce-loop-product__title\">Magnes na lod\u00f3wk\u0119 Model 921\/05<\/h2>\n\t<span class=\"price\"><span class=\"woocommerce-Price-amount amount\">5,41&nbsp;<span class=\"woocommerce-Price-currencySymbol\">&#122;&#322;<\/span><\/span><\/span>\n<\/a>\n<\/li>\n<li class=\"post-409 product type-product status-publish has-post-thumbnail product_cat-magnesy last instock shipping-taxable purchasable product-type-simple\">\n\n\t<a href=\"http:\/\/pamiatki.leszno.pl\/index.php\/produkt\/magnes-na-lodowke-model-921-07\/\" class=\"woocommerce-LoopProduct-link woocommerce-loop-product__link\"><img width=\"300\" height=\"300\" src=\"http:\/\/pamiatki.leszno.pl\/wp-content\/uploads\/540-7-300x300.jpg\" class=\"attachment-woocommerce_thumbnail size-woocommerce_thumbnail wp-post-image\" alt=\"\" decoding=\"async\" loading=\"lazy\" srcset=\"http:\/\/pamiatki.leszno.pl\/wp-content\/uploads\/540-7-300x300.jpg 300w, http:\/\/pamiatki.leszno.pl\/wp-content\/uploads\/540-7-150x150.jpg 150w, http:\/\/pamiatki.leszno.pl\/wp-content\/uploads\/540-7-600x600.jpg 600w, http:\/\/pamiatki.leszno.pl\/wp-content\/uploads\/540-7-350x350.jpg 350w, http:\/\/pamiatki.leszno.pl\/wp-content\/uploads\/540-7-100x100.jpg 100w\" sizes=\"(max-width: 300px) 100vw, 300px\" \/><a rel=\"nofollow\" href=\"\/index.php\/wp-json\/wp\/v2\/pages\/15?add-to-cart=409\" data-quantity=\"1\" data-product_id=\"409\" data-product_sku=\"\" class=\"button product_type_simple add_to_cart_button ajax_add_to_cart\">Dodaj do koszyka<\/a><h2 class=\"woocommerce-loop-product__title\">Magnes na lod\u00f3wk\u0119 Model 921\/07<\/h2>\n\t<span class=\"price\"><span class=\"woocommerce-Price-amount amount\">5,41&nbsp;<span class=\"woocommerce-Price-currencySymbol\">&#122;&#322;<\/span><\/span><\/span>\n<\/a>\n<\/li>\n<li class=\"first post-411 product type-product status-publish has-post-thumbnail product_cat-magnesy  instock shipping-taxable purchasable product-type-simple\">\n\n\t<a href=\"http:\/\/pamiatki.leszno.pl\/index.php\/produkt\/magnes-na-lodowke-model-921-08\/\" class=\"woocommerce-LoopProduct-link woocommerce-loop-product__link\"><img width=\"300\" height=\"300\" src=\"http:\/\/pamiatki.leszno.pl\/wp-content\/uploads\/540-8-300x300.jpg\" class=\"attachment-woocommerce_thumbnail size-woocommerce_thumbnail wp-post-image\" alt=\"\" decoding=\"async\" loading=\"lazy\" srcset=\"http:\/\/pamiatki.leszno.pl\/wp-content\/uploads\/540-8-300x300.jpg 300w, http:\/\/pamiatki.leszno.pl\/wp-content\/uploads\/540-8-150x150.jpg 150w, http:\/\/pamiatki.leszno.pl\/wp-content\/uploads\/540-8-600x600.jpg 600w, http:\/\/pamiatki.leszno.pl\/wp-content\/uploads\/540-8-350x350.jpg 350w, http:\/\/pamiatki.leszno.pl\/wp-content\/uploads\/540-8-100x100.jpg 100w\" sizes=\"(max-width: 300px) 100vw, 300px\" \/><a rel=\"nofollow\" href=\"\/index.php\/wp-json\/wp\/v2\/pages\/15?add-to-cart=411\" data-quantity=\"1\" data-product_id=\"411\" data-product_sku=\"\" class=\"button product_type_simple add_to_cart_button ajax_add_to_cart\">Dodaj do koszyka<\/a><h2 class=\"woocommerce-loop-product__title\">Magnes na lod\u00f3wk\u0119 Model 921\/08<\/h2>\n\t<span class=\"price\"><span class=\"woocommerce-Price-amount amount\">5,41&nbsp;<span class=\"woocommerce-Price-currencySymbol\">&#122;&#322;<\/span><\/span><\/span>\n<\/a>\n<\/li>\n<li class=\"last post-413 product type-product status-publish has-post-thumbnail product_cat-magnesy first instock shipping-taxable purchasable product-type-simple\">\n\n\t<a href=\"http:\/\/pamiatki.leszno.pl\/index.php\/produkt\/magnes-na-lodowke-model-921-09\/\" class=\"woocommerce-LoopProduct-link woocommerce-loop-product__link\"><img width=\"300\" height=\"300\" src=\"http:\/\/pamiatki.leszno.pl\/wp-content\/uploads\/540-9-300x300.jpg\" class=\"attachment-woocommerce_thumbnail size-woocommerce_thumbnail wp-post-image\" alt=\"\" decoding=\"async\" loading=\"lazy\" srcset=\"http:\/\/pamiatki.leszno.pl\/wp-content\/uploads\/540-9-300x300.jpg 300w, http:\/\/pamiatki.leszno.pl\/wp-content\/uploads\/540-9-150x150.jpg 150w, http:\/\/pamiatki.leszno.pl\/wp-content\/uploads\/540-9-600x600.jpg 600w, http:\/\/pamiatki.leszno.pl\/wp-content\/uploads\/540-9-350x350.jpg 350w, http:\/\/pamiatki.leszno.pl\/wp-content\/uploads\/540-9-100x100.jpg 100w\" sizes=\"(max-width: 300px) 100vw, 300px\" \/><a rel=\"nofollow\" href=\"\/index.php\/wp-json\/wp\/v2\/pages\/15?add-to-cart=413\" data-quantity=\"1\" data-product_id=\"413\" data-product_sku=\"\" class=\"button product_type_simple add_to_cart_button ajax_add_to_cart\">Dodaj do koszyka<\/a><h2 class=\"woocommerce-loop-product__title\">Magnes na lod\u00f3wk\u0119 Model 921\/09<\/h2>\n\t<span class=\"price\"><span class=\"woocommerce-Price-amount amount\">5,41&nbsp;<span class=\"woocommerce-Price-currencySymbol\">&#122;&#322;<\/span><\/span><\/span>\n<\/a>\n<\/li>\n<li class=\"post-415 product type-product status-publish has-post-thumbnail product_cat-magnesy last instock shipping-taxable purchasable product-type-simple\">\n\n\t<a href=\"http:\/\/pamiatki.leszno.pl\/index.php\/produkt\/magnes-na-lodowke-model-921-10\/\" class=\"woocommerce-LoopProduct-link woocommerce-loop-product__link\"><img width=\"300\" height=\"300\" src=\"http:\/\/pamiatki.leszno.pl\/wp-content\/uploads\/540-1-300x300.jpg\" class=\"attachment-woocommerce_thumbnail size-woocommerce_thumbnail wp-post-image\" alt=\"\" decoding=\"async\" loading=\"lazy\" srcset=\"http:\/\/pamiatki.leszno.pl\/wp-content\/uploads\/540-1-300x300.jpg 300w, http:\/\/pamiatki.leszno.pl\/wp-content\/uploads\/540-1-150x150.jpg 150w, http:\/\/pamiatki.leszno.pl\/wp-content\/uploads\/540-1-600x600.jpg 600w, http:\/\/pamiatki.leszno.pl\/wp-content\/uploads\/540-1-350x350.jpg 350w, http:\/\/pamiatki.leszno.pl\/wp-content\/uploads\/540-1-100x100.jpg 100w\" sizes=\"(max-width: 300px) 100vw, 300px\" \/><a rel=\"nofollow\" href=\"\/index.php\/wp-json\/wp\/v2\/pages\/15?add-to-cart=415\" data-quantity=\"1\" data-product_id=\"415\" data-product_sku=\"\" class=\"button product_type_simple add_to_cart_button ajax_add_to_cart\">Dodaj do koszyka<\/a><h2 class=\"woocommerce-loop-product__title\">Magnes na lod\u00f3wk\u0119 Model 921\/10<\/h2>\n\t<span class=\"price\"><span class=\"woocommerce-Price-amount amount\">5,41&nbsp;<span class=\"woocommerce-Price-currencySymbol\">&#122;&#322;<\/span><\/span><\/span>\n<\/a>\n<\/li>\n<li class=\"first post-417 product type-product status-publish has-post-thumbnail product_cat-magnesy  instock shipping-taxable purchasable product-type-simple\">\n\n\t<a href=\"http:\/\/pamiatki.leszno.pl\/index.php\/produkt\/magnes-na-lodowke-model-921-11\/\" class=\"woocommerce-LoopProduct-link woocommerce-loop-product__link\"><img width=\"300\" height=\"300\" src=\"http:\/\/pamiatki.leszno.pl\/wp-content\/uploads\/394-300x300.jpg\" class=\"attachment-woocommerce_thumbnail size-woocommerce_thumbnail wp-post-image\" alt=\"\" decoding=\"async\" loading=\"lazy\" srcset=\"http:\/\/pamiatki.leszno.pl\/wp-content\/uploads\/394-300x300.jpg 300w, http:\/\/pamiatki.leszno.pl\/wp-content\/uploads\/394-150x150.jpg 150w, http:\/\/pamiatki.leszno.pl\/wp-content\/uploads\/394-600x600.jpg 600w, http:\/\/pamiatki.leszno.pl\/wp-content\/uploads\/394-350x350.jpg 350w, http:\/\/pamiatki.leszno.pl\/wp-content\/uploads\/394-100x100.jpg 100w\" sizes=\"(max-width: 300px) 100vw, 300px\" \/><a rel=\"nofollow\" href=\"\/index.php\/wp-json\/wp\/v2\/pages\/15?add-to-cart=417\" data-quantity=\"1\" data-product_id=\"417\" data-product_sku=\"\" class=\"button product_type_simple add_to_cart_button ajax_add_to_cart\">Dodaj do koszyka<\/a><h2 class=\"woocommerce-loop-product__title\">Magnes na lod\u00f3wk\u0119 Model 921\/11<\/h2>\n\t<span class=\"price\"><span class=\"woocommerce-Price-amount amount\">4,43&nbsp;<span class=\"woocommerce-Price-currencySymbol\">&#122;&#322;<\/span><\/span><\/span>\n<\/a>\n<\/li>\n<li class=\"last post-423 product type-product status-publish has-post-thumbnail product_cat-magnesy first instock shipping-taxable purchasable product-type-simple\">\n\n\t<a href=\"http:\/\/pamiatki.leszno.pl\/index.php\/produkt\/magnes-na-lodowke-model-921-14\/\" class=\"woocommerce-LoopProduct-link woocommerce-loop-product__link\"><img width=\"300\" height=\"300\" src=\"http:\/\/pamiatki.leszno.pl\/wp-content\/uploads\/470-2-300x300.jpg\" class=\"attachment-woocommerce_thumbnail size-woocommerce_thumbnail wp-post-image\" alt=\"\" decoding=\"async\" loading=\"lazy\" srcset=\"http:\/\/pamiatki.leszno.pl\/wp-content\/uploads\/470-2-300x300.jpg 300w, http:\/\/pamiatki.leszno.pl\/wp-content\/uploads\/470-2-150x150.jpg 150w, http:\/\/pamiatki.leszno.pl\/wp-content\/uploads\/470-2-600x600.jpg 600w, http:\/\/pamiatki.leszno.pl\/wp-content\/uploads\/470-2-350x350.jpg 350w, http:\/\/pamiatki.leszno.pl\/wp-content\/uploads\/470-2-100x100.jpg 100w\" sizes=\"(max-width: 300px) 100vw, 300px\" \/><a rel=\"nofollow\" href=\"\/index.php\/wp-json\/wp\/v2\/pages\/15?add-to-cart=423\" data-quantity=\"1\" data-product_id=\"423\" data-product_sku=\"\" class=\"button product_type_simple add_to_cart_button ajax_add_to_cart\">Dodaj do koszyka<\/a><h2 class=\"woocommerce-loop-product__title\">Magnes na lod\u00f3wk\u0119 Model 921\/14<\/h2>\n\t<span class=\"price\"><span class=\"woocommerce-Price-amount amount\">4,31&nbsp;<span class=\"woocommerce-Price-currencySymbol\">&#122;&#322;<\/span><\/span><\/span>\n<\/a>\n<\/li>\n<li class=\"post-439 product type-product status-publish has-post-thumbnail product_cat-magnesy last instock shipping-taxable purchasable product-type-simple\">\n\n\t<a href=\"http:\/\/pamiatki.leszno.pl\/index.php\/produkt\/magnes-na-lodowke-model-921-22\/\" class=\"woocommerce-LoopProduct-link woocommerce-loop-product__link\"><img width=\"300\" height=\"300\" src=\"http:\/\/pamiatki.leszno.pl\/wp-content\/uploads\/470-10-300x300.jpg\" class=\"attachment-woocommerce_thumbnail size-woocommerce_thumbnail wp-post-image\" alt=\"\" decoding=\"async\" loading=\"lazy\" srcset=\"http:\/\/pamiatki.leszno.pl\/wp-content\/uploads\/470-10-300x300.jpg 300w, http:\/\/pamiatki.leszno.pl\/wp-content\/uploads\/470-10-150x150.jpg 150w, http:\/\/pamiatki.leszno.pl\/wp-content\/uploads\/470-10-600x600.jpg 600w, http:\/\/pamiatki.leszno.pl\/wp-content\/uploads\/470-10-350x350.jpg 350w, http:\/\/pamiatki.leszno.pl\/wp-content\/uploads\/470-10-100x100.jpg 100w\" sizes=\"(max-width: 300px) 100vw, 300px\" \/><a rel=\"nofollow\" href=\"\/index.php\/wp-json\/wp\/v2\/pages\/15?add-to-cart=439\" data-quantity=\"1\" data-product_id=\"439\" data-product_sku=\"\" class=\"button product_type_simple add_to_cart_button ajax_add_to_cart\">Dodaj do koszyka<\/a><h2 class=\"woocommerce-loop-product__title\">Magnes na lod\u00f3wk\u0119 Model 921\/22<\/h2>\n\t<span class=\"price\"><span class=\"woocommerce-Price-amount amount\">4,31&nbsp;<span class=\"woocommerce-Price-currencySymbol\">&#122;&#322;<\/span><\/span><\/span>\n<\/a>\n<\/li>\n<li class=\"first post-441 product type-product status-publish has-post-thumbnail product_cat-magnesy  instock shipping-taxable purchasable product-type-simple\">\n\n\t<a href=\"http:\/\/pamiatki.leszno.pl\/index.php\/produkt\/magnes-na-lodowke-model-921-23\/\" class=\"woocommerce-LoopProduct-link woocommerce-loop-product__link\"><img width=\"300\" height=\"300\" src=\"http:\/\/pamiatki.leszno.pl\/wp-content\/uploads\/470-11-300x300.jpg\" class=\"attachment-woocommerce_thumbnail size-woocommerce_thumbnail wp-post-image\" alt=\"\" decoding=\"async\" loading=\"lazy\" srcset=\"http:\/\/pamiatki.leszno.pl\/wp-content\/uploads\/470-11-300x300.jpg 300w, http:\/\/pamiatki.leszno.pl\/wp-content\/uploads\/470-11-150x150.jpg 150w, http:\/\/pamiatki.leszno.pl\/wp-content\/uploads\/470-11-600x600.jpg 600w, http:\/\/pamiatki.leszno.pl\/wp-content\/uploads\/470-11-350x350.jpg 350w, http:\/\/pamiatki.leszno.pl\/wp-content\/uploads\/470-11-100x100.jpg 100w\" sizes=\"(max-width: 300px) 100vw, 300px\" \/><a rel=\"nofollow\" href=\"\/index.php\/wp-json\/wp\/v2\/pages\/15?add-to-cart=441\" data-quantity=\"1\" data-product_id=\"441\" data-product_sku=\"\" class=\"button product_type_simple add_to_cart_button ajax_add_to_cart\">Dodaj do koszyka<\/a><h2 class=\"woocommerce-loop-product__title\">Magnes na lod\u00f3wk\u0119 Model 921\/23<\/h2>\n\t<span class=\"price\"><span class=\"woocommerce-Price-amount amount\">4,31&nbsp;<span class=\"woocommerce-Price-currencySymbol\">&#122;&#322;<\/span><\/span><\/span>\n<\/a>\n<\/li>\n<li class=\"last post-445 product type-product status-publish has-post-thumbnail product_cat-magnesy first instock shipping-taxable purchasable product-type-simple\">\n\n\t<a href=\"http:\/\/pamiatki.leszno.pl\/index.php\/produkt\/magnes-na-lodowke-model-921-25\/\" class=\"woocommerce-LoopProduct-link woocommerce-loop-product__link\"><img width=\"300\" height=\"300\" src=\"http:\/\/pamiatki.leszno.pl\/wp-content\/uploads\/470-13-300x300.jpg\" class=\"attachment-woocommerce_thumbnail size-woocommerce_thumbnail wp-post-image\" alt=\"\" decoding=\"async\" loading=\"lazy\" srcset=\"http:\/\/pamiatki.leszno.pl\/wp-content\/uploads\/470-13-300x300.jpg 300w, http:\/\/pamiatki.leszno.pl\/wp-content\/uploads\/470-13-150x150.jpg 150w, http:\/\/pamiatki.leszno.pl\/wp-content\/uploads\/470-13-600x600.jpg 600w, http:\/\/pamiatki.leszno.pl\/wp-content\/uploads\/470-13-350x350.jpg 350w, http:\/\/pamiatki.leszno.pl\/wp-content\/uploads\/470-13-100x100.jpg 100w\" sizes=\"(max-width: 300px) 100vw, 300px\" \/><a rel=\"nofollow\" href=\"\/index.php\/wp-json\/wp\/v2\/pages\/15?add-to-cart=445\" data-quantity=\"1\" data-product_id=\"445\" data-product_sku=\"\" class=\"button product_type_simple add_to_cart_button ajax_add_to_cart\">Dodaj do koszyka<\/a><h2 class=\"woocommerce-loop-product__title\">Magnes na lod\u00f3wk\u0119 Model 921\/25<\/h2>\n\t<span class=\"price\"><span class=\"woocommerce-Price-amount amount\">4,31&nbsp;<span class=\"woocommerce-Price-currencySymbol\">&#122;&#322;<\/span><\/span><\/span>\n<\/a>\n<\/li>\n<li class=\"post-447 product type-product status-publish has-post-thumbnail product_cat-magnesy last instock shipping-taxable purchasable product-type-simple\">\n\n\t<a href=\"http:\/\/pamiatki.leszno.pl\/index.php\/produkt\/magnes-na-lodowke-model-921-26\/\" class=\"woocommerce-LoopProduct-link woocommerce-loop-product__link\"><img width=\"300\" height=\"300\" src=\"http:\/\/pamiatki.leszno.pl\/wp-content\/uploads\/470-1-300x300.jpg\" class=\"attachment-woocommerce_thumbnail size-woocommerce_thumbnail wp-post-image\" alt=\"\" decoding=\"async\" loading=\"lazy\" srcset=\"http:\/\/pamiatki.leszno.pl\/wp-content\/uploads\/470-1-300x300.jpg 300w, http:\/\/pamiatki.leszno.pl\/wp-content\/uploads\/470-1-150x150.jpg 150w, http:\/\/pamiatki.leszno.pl\/wp-content\/uploads\/470-1-600x600.jpg 600w, http:\/\/pamiatki.leszno.pl\/wp-content\/uploads\/470-1-350x350.jpg 350w, http:\/\/pamiatki.leszno.pl\/wp-content\/uploads\/470-1-100x100.jpg 100w\" sizes=\"(max-width: 300px) 100vw, 300px\" \/><a rel=\"nofollow\" href=\"\/index.php\/wp-json\/wp\/v2\/pages\/15?add-to-cart=447\" data-quantity=\"1\" data-product_id=\"447\" data-product_sku=\"\" class=\"button product_type_simple add_to_cart_button ajax_add_to_cart\">Dodaj do koszyka<\/a><h2 class=\"woocommerce-loop-product__title\">Magnes na lod\u00f3wk\u0119 Model 921\/26<\/h2>\n\t<span class=\"price\"><span class=\"woocommerce-Price-amount amount\">4,31&nbsp;<span class=\"woocommerce-Price-currencySymbol\">&#122;&#322;<\/span><\/span><\/span>\n<\/a>\n<\/li>\n<li class=\"first post-998 product type-product status-publish has-post-thumbnail product_cat-magnesy  instock shipping-taxable purchasable product-type-simple\">\n\n\t<a href=\"http:\/\/pamiatki.leszno.pl\/index.php\/produkt\/magnes-leszno-znak\/\" class=\"woocommerce-LoopProduct-link woocommerce-loop-product__link\"><img width=\"300\" height=\"300\" src=\"http:\/\/pamiatki.leszno.pl\/wp-content\/uploads\/IMG-2989-300x300.jpg\" class=\"attachment-woocommerce_thumbnail size-woocommerce_thumbnail wp-post-image\" alt=\"\" decoding=\"async\" loading=\"lazy\" srcset=\"http:\/\/pamiatki.leszno.pl\/wp-content\/uploads\/IMG-2989-300x300.jpg 300w, http:\/\/pamiatki.leszno.pl\/wp-content\/uploads\/IMG-2989-100x100.jpg 100w, http:\/\/pamiatki.leszno.pl\/wp-content\/uploads\/IMG-2989-600x600.jpg 600w, http:\/\/pamiatki.leszno.pl\/wp-content\/uploads\/IMG-2989-350x350.jpg 350w\" sizes=\"(max-width: 300px) 100vw, 300px\" \/><a rel=\"nofollow\" href=\"\/index.php\/wp-json\/wp\/v2\/pages\/15?add-to-cart=998\" data-quantity=\"1\" data-product_id=\"998\" data-product_sku=\"\" class=\"button product_type_simple add_to_cart_button ajax_add_to_cart\">Dodaj do koszyka<\/a><h2 class=\"woocommerce-loop-product__title\">Magnes Turysty &#8211; Leszno<\/h2>\n\t<span class=\"price\"><span class=\"woocommerce-Price-amount amount\">3,49&nbsp;<span class=\"woocommerce-Price-currencySymbol\">&#122;&#322;<\/span><\/span><\/span>\n<\/a>\n<\/li>\n<li class=\"last post-644 product type-product status-publish has-post-thumbnail product_cat-magnesy first instock shipping-taxable purchasable product-type-simple\">\n\n\t<a href=\"http:\/\/pamiatki.leszno.pl\/index.php\/produkt\/magnes-z-logo\/\" class=\"woocommerce-LoopProduct-link woocommerce-loop-product__link\"><img width=\"300\" height=\"300\" src=\"http:\/\/pamiatki.leszno.pl\/wp-content\/uploads\/online_022-300x300.jpg\" class=\"attachment-woocommerce_thumbnail size-woocommerce_thumbnail wp-post-image\" alt=\"\" decoding=\"async\" loading=\"lazy\" srcset=\"http:\/\/pamiatki.leszno.pl\/wp-content\/uploads\/online_022-300x300.jpg 300w, http:\/\/pamiatki.leszno.pl\/wp-content\/uploads\/online_022-150x150.jpg 150w, http:\/\/pamiatki.leszno.pl\/wp-content\/uploads\/online_022-600x600.jpg 600w, http:\/\/pamiatki.leszno.pl\/wp-content\/uploads\/online_022-350x350.jpg 350w, http:\/\/pamiatki.leszno.pl\/wp-content\/uploads\/online_022-100x100.jpg 100w\" sizes=\"(max-width: 300px) 100vw, 300px\" \/><a rel=\"nofollow\" href=\"\/index.php\/wp-json\/wp\/v2\/pages\/15?add-to-cart=644\" data-quantity=\"1\" data-product_id=\"644\" data-product_sku=\"\" class=\"button product_type_simple add_to_cart_button ajax_add_to_cart\">Dodaj do koszyka<\/a><h2 class=\"woocommerce-loop-product__title\">Magnes z logo &#8222;LESZNO 100 lat odzyskania niepodleg\u0142o\u015bci&#8221;<\/h2>\n\t<span class=\"price\"><span class=\"woocommerce-Price-amount amount\">5,41&nbsp;<span class=\"woocommerce-Price-currencySymbol\">&#122;&#322;<\/span><\/span><\/span>\n<\/a>\n<\/li>\n<li class=\"post-1181 product type-product status-publish has-post-thumbnail product_cat-mapy last instock shipping-taxable purchasable product-type-simple\">\n\n\t<a href=\"http:\/\/pamiatki.leszno.pl\/index.php\/produkt\/mapa-plan-miasta\/\" class=\"woocommerce-LoopProduct-link woocommerce-loop-product__link\"><img width=\"300\" height=\"300\" src=\"http:\/\/pamiatki.leszno.pl\/wp-content\/uploads\/plan-miasta-min-300x300.jpg\" class=\"attachment-woocommerce_thumbnail size-woocommerce_thumbnail wp-post-image\" alt=\"\" decoding=\"async\" loading=\"lazy\" srcset=\"http:\/\/pamiatki.leszno.pl\/wp-content\/uploads\/plan-miasta-min-300x300.jpg 300w, http:\/\/pamiatki.leszno.pl\/wp-content\/uploads\/plan-miasta-min-100x100.jpg 100w, http:\/\/pamiatki.leszno.pl\/wp-content\/uploads\/plan-miasta-min-600x600.jpg 600w, http:\/\/pamiatki.leszno.pl\/wp-content\/uploads\/plan-miasta-min-350x350.jpg 350w\" sizes=\"(max-width: 300px) 100vw, 300px\" \/><a rel=\"nofollow\" href=\"\/index.php\/wp-json\/wp\/v2\/pages\/15?add-to-cart=1181\" data-quantity=\"1\" data-product_id=\"1181\" data-product_sku=\"\" class=\"button product_type_simple add_to_cart_button ajax_add_to_cart\">Dodaj do koszyka<\/a><h2 class=\"woocommerce-loop-product__title\">Mapa &#8211; Plan Miasta<\/h2>\n\t<span class=\"price\"><span class=\"woocommerce-Price-amount amount\">6,51&nbsp;<span class=\"woocommerce-Price-currencySymbol\">&#122;&#322;<\/span><\/span><\/span>\n<\/a>\n<\/li>\n<li class=\"first post-655 product type-product status-publish has-post-thumbnail product_cat-mapy  instock shipping-taxable purchasable product-type-simple\">\n\n\t<a href=\"http:\/\/pamiatki.leszno.pl\/index.php\/produkt\/mapa-rowerowa-leszno-i-okolice\/\" class=\"woocommerce-LoopProduct-link woocommerce-loop-product__link\"><img width=\"300\" height=\"300\" src=\"http:\/\/pamiatki.leszno.pl\/wp-content\/uploads\/online_040-300x300.jpg\" class=\"attachment-woocommerce_thumbnail size-woocommerce_thumbnail wp-post-image\" alt=\"\" decoding=\"async\" loading=\"lazy\" srcset=\"http:\/\/pamiatki.leszno.pl\/wp-content\/uploads\/online_040-300x300.jpg 300w, http:\/\/pamiatki.leszno.pl\/wp-content\/uploads\/online_040-150x150.jpg 150w, http:\/\/pamiatki.leszno.pl\/wp-content\/uploads\/online_040-600x600.jpg 600w, http:\/\/pamiatki.leszno.pl\/wp-content\/uploads\/online_040-350x350.jpg 350w, http:\/\/pamiatki.leszno.pl\/wp-content\/uploads\/online_040-100x100.jpg 100w\" sizes=\"(max-width: 300px) 100vw, 300px\" \/><a rel=\"nofollow\" href=\"\/index.php\/wp-json\/wp\/v2\/pages\/15?add-to-cart=655\" data-quantity=\"1\" data-product_id=\"655\" data-product_sku=\"\" class=\"button product_type_simple add_to_cart_button ajax_add_to_cart\">Dodaj do koszyka<\/a><h2 class=\"woocommerce-loop-product__title\">Mapa rowerowa &#8222;Leszno i okolice&#8221;<\/h2>\n\t<span class=\"price\"><span class=\"woocommerce-Price-amount amount\">5,51&nbsp;<span class=\"woocommerce-Price-currencySymbol\">&#122;&#322;<\/span><\/span><\/span>\n<\/a>\n<\/li>\n<li class=\"last post-791 product type-product status-publish has-post-thumbnail product_cat-pozostale first instock shipping-taxable purchasable product-type-simple\">\n\n\t<a href=\"http:\/\/pamiatki.leszno.pl\/index.php\/produkt\/maseczka-ochronna\/\" class=\"woocommerce-LoopProduct-link woocommerce-loop-product__link\"><img width=\"300\" height=\"300\" src=\"http:\/\/pamiatki.leszno.pl\/wp-content\/uploads\/PHOTO-2020-11-06-13-30-32-300x300.jpg\" class=\"attachment-woocommerce_thumbnail size-woocommerce_thumbnail wp-post-image\" alt=\"\" decoding=\"async\" loading=\"lazy\" srcset=\"http:\/\/pamiatki.leszno.pl\/wp-content\/uploads\/PHOTO-2020-11-06-13-30-32-300x300.jpg 300w, http:\/\/pamiatki.leszno.pl\/wp-content\/uploads\/PHOTO-2020-11-06-13-30-32-100x100.jpg 100w, http:\/\/pamiatki.leszno.pl\/wp-content\/uploads\/PHOTO-2020-11-06-13-30-32-600x600.jpg 600w, http:\/\/pamiatki.leszno.pl\/wp-content\/uploads\/PHOTO-2020-11-06-13-30-32-350x350.jpg 350w\" sizes=\"(max-width: 300px) 100vw, 300px\" \/><a rel=\"nofollow\" href=\"\/index.php\/wp-json\/wp\/v2\/pages\/15?add-to-cart=791\" data-quantity=\"1\" data-product_id=\"791\" data-product_sku=\"\" class=\"button product_type_simple add_to_cart_button ajax_add_to_cart\">Dodaj do koszyka<\/a><h2 class=\"woocommerce-loop-product__title\">Maseczka ochronna<\/h2>\n\t<span class=\"price\"><span class=\"woocommerce-Price-amount amount\">8,61&nbsp;<span class=\"woocommerce-Price-currencySymbol\">&#122;&#322;<\/span><\/span><\/span>\n<\/a>\n<\/li>\n<li class=\"post-809 product type-product status-publish has-post-thumbnail product_cat-pozostale last instock shipping-taxable purchasable product-type-simple\">\n\n\t<a href=\"http:\/\/pamiatki.leszno.pl\/index.php\/produkt\/maseczka-ochronna-z-herbem\/\" class=\"woocommerce-LoopProduct-link woocommerce-loop-product__link\"><img width=\"300\" height=\"300\" src=\"http:\/\/pamiatki.leszno.pl\/wp-content\/uploads\/PHOTO-2020-11-06-13-30-31_3-300x300.jpg\" class=\"attachment-woocommerce_thumbnail size-woocommerce_thumbnail wp-post-image\" alt=\"\" decoding=\"async\" loading=\"lazy\" srcset=\"http:\/\/pamiatki.leszno.pl\/wp-content\/uploads\/PHOTO-2020-11-06-13-30-31_3-300x300.jpg 300w, http:\/\/pamiatki.leszno.pl\/wp-content\/uploads\/PHOTO-2020-11-06-13-30-31_3-100x100.jpg 100w, http:\/\/pamiatki.leszno.pl\/wp-content\/uploads\/PHOTO-2020-11-06-13-30-31_3-600x600.jpg 600w, http:\/\/pamiatki.leszno.pl\/wp-content\/uploads\/PHOTO-2020-11-06-13-30-31_3-350x350.jpg 350w\" sizes=\"(max-width: 300px) 100vw, 300px\" \/><a rel=\"nofollow\" href=\"\/index.php\/wp-json\/wp\/v2\/pages\/15?add-to-cart=809\" data-quantity=\"1\" data-product_id=\"809\" data-product_sku=\"\" class=\"button product_type_simple add_to_cart_button ajax_add_to_cart\">Dodaj do koszyka<\/a><h2 class=\"woocommerce-loop-product__title\">Maseczka ochronna z herbem<\/h2>\n\t<span class=\"price\"><span class=\"woocommerce-Price-amount amount\">8,61&nbsp;<span class=\"woocommerce-Price-currencySymbol\">&#122;&#322;<\/span><\/span><\/span>\n<\/a>\n<\/li>\n<li class=\"first post-740 product type-product status-publish has-post-thumbnail product_cat-pozostale  instock shipping-taxable purchasable product-type-simple\">\n\n\t<a href=\"http:\/\/pamiatki.leszno.pl\/index.php\/produkt\/naklejka-herb-3d\/\" class=\"woocommerce-LoopProduct-link woocommerce-loop-product__link\"><img width=\"300\" height=\"300\" src=\"http:\/\/pamiatki.leszno.pl\/wp-content\/uploads\/IMG-3715-300x300.jpg\" class=\"attachment-woocommerce_thumbnail size-woocommerce_thumbnail wp-post-image\" alt=\"\" decoding=\"async\" loading=\"lazy\" srcset=\"http:\/\/pamiatki.leszno.pl\/wp-content\/uploads\/IMG-3715-300x300.jpg 300w, http:\/\/pamiatki.leszno.pl\/wp-content\/uploads\/IMG-3715-100x100.jpg 100w, http:\/\/pamiatki.leszno.pl\/wp-content\/uploads\/IMG-3715-600x600.jpg 600w, http:\/\/pamiatki.leszno.pl\/wp-content\/uploads\/IMG-3715-350x350.jpg 350w\" sizes=\"(max-width: 300px) 100vw, 300px\" \/><a rel=\"nofollow\" href=\"\/index.php\/wp-json\/wp\/v2\/pages\/15?add-to-cart=740\" data-quantity=\"1\" data-product_id=\"740\" data-product_sku=\"\" class=\"button product_type_simple add_to_cart_button ajax_add_to_cart\">Dodaj do koszyka<\/a><h2 class=\"woocommerce-loop-product__title\">Naklejka &#8211; Herb 3D<\/h2>\n\t<span class=\"price\"><span class=\"woocommerce-Price-amount amount\">6,03&nbsp;<span class=\"woocommerce-Price-currencySymbol\">&#122;&#322;<\/span><\/span><\/span>\n<\/a>\n<\/li>\n<li class=\"last post-747 product type-product status-publish has-post-thumbnail product_cat-pozostale first instock shipping-taxable purchasable product-type-simple\">\n\n\t<a href=\"http:\/\/pamiatki.leszno.pl\/index.php\/produkt\/naklejka-z-logo-leszno-100-lat-odzyskania-niepodleglosci-3d\/\" class=\"woocommerce-LoopProduct-link woocommerce-loop-product__link\"><img width=\"300\" height=\"300\" src=\"http:\/\/pamiatki.leszno.pl\/wp-content\/uploads\/IMG-3731-300x300.jpg\" class=\"attachment-woocommerce_thumbnail size-woocommerce_thumbnail wp-post-image\" alt=\"\" decoding=\"async\" loading=\"lazy\" srcset=\"http:\/\/pamiatki.leszno.pl\/wp-content\/uploads\/IMG-3731-300x300.jpg 300w, http:\/\/pamiatki.leszno.pl\/wp-content\/uploads\/IMG-3731-100x100.jpg 100w, http:\/\/pamiatki.leszno.pl\/wp-content\/uploads\/IMG-3731-600x600.jpg 600w, http:\/\/pamiatki.leszno.pl\/wp-content\/uploads\/IMG-3731-350x350.jpg 350w\" sizes=\"(max-width: 300px) 100vw, 300px\" \/><a rel=\"nofollow\" href=\"\/index.php\/wp-json\/wp\/v2\/pages\/15?add-to-cart=747\" data-quantity=\"1\" data-product_id=\"747\" data-product_sku=\"\" class=\"button product_type_simple add_to_cart_button ajax_add_to_cart\">Dodaj do koszyka<\/a><h2 class=\"woocommerce-loop-product__title\">Naklejka z logo &#8222;LESZNO 100 lat odzyskania niepodleg\u0142o\u015bci&#8221; 3D<\/h2>\n\t<span class=\"price\"><span class=\"woocommerce-Price-amount amount\">5,66&nbsp;<span class=\"woocommerce-Price-currencySymbol\">&#122;&#322;<\/span><\/span><\/span>\n<\/a>\n<\/li>\n<li class=\"post-1254 product type-product status-publish has-post-thumbnail product_cat-ksiazki last instock shipping-taxable purchasable product-type-simple\">\n\n\t<a href=\"http:\/\/pamiatki.leszno.pl\/index.php\/produkt\/opowiadania-i-legendy-miasta-osieczna-i-jego-okolic-j-jankowski\/\" class=\"woocommerce-LoopProduct-link woocommerce-loop-product__link\"><img width=\"300\" height=\"300\" src=\"http:\/\/pamiatki.leszno.pl\/wp-content\/uploads\/jankowski-min-300x300.png\" class=\"attachment-woocommerce_thumbnail size-woocommerce_thumbnail wp-post-image\" alt=\"\" decoding=\"async\" loading=\"lazy\" srcset=\"http:\/\/pamiatki.leszno.pl\/wp-content\/uploads\/jankowski-min-300x300.png 300w, http:\/\/pamiatki.leszno.pl\/wp-content\/uploads\/jankowski-min-100x100.png 100w, http:\/\/pamiatki.leszno.pl\/wp-content\/uploads\/jankowski-min-600x600.png 600w, http:\/\/pamiatki.leszno.pl\/wp-content\/uploads\/jankowski-min-350x350.png 350w\" sizes=\"(max-width: 300px) 100vw, 300px\" \/><a rel=\"nofollow\" href=\"\/index.php\/wp-json\/wp\/v2\/pages\/15?add-to-cart=1254\" data-quantity=\"1\" data-product_id=\"1254\" data-product_sku=\"\" class=\"button product_type_simple add_to_cart_button ajax_add_to_cart\">Dodaj do koszyka<\/a><h2 class=\"woocommerce-loop-product__title\">Opowiadania i legendy miasta Osieczna i jego okolic. J. Jankowski<\/h2>\n\t<span class=\"price\"><span class=\"woocommerce-Price-amount amount\">46,00&nbsp;<span class=\"woocommerce-Price-currencySymbol\">&#122;&#322;<\/span><\/span><\/span>\n<\/a>\n<\/li>\n<li class=\"first post-905 product type-product status-publish has-post-thumbnail product_cat-ksiazki  instock shipping-taxable purchasable product-type-simple\">\n\n\t<a href=\"http:\/\/pamiatki.leszno.pl\/index.php\/produkt\/panstwowe-liceum-pedagogiczne-w-lesznie\/\" class=\"woocommerce-LoopProduct-link woocommerce-loop-product__link\"><img width=\"300\" height=\"300\" src=\"http:\/\/pamiatki.leszno.pl\/wp-content\/uploads\/IMG-3187-300x300.jpg\" class=\"attachment-woocommerce_thumbnail size-woocommerce_thumbnail wp-post-image\" alt=\"\" decoding=\"async\" loading=\"lazy\" srcset=\"http:\/\/pamiatki.leszno.pl\/wp-content\/uploads\/IMG-3187-300x300.jpg 300w, http:\/\/pamiatki.leszno.pl\/wp-content\/uploads\/IMG-3187-100x100.jpg 100w, http:\/\/pamiatki.leszno.pl\/wp-content\/uploads\/IMG-3187-600x600.jpg 600w, http:\/\/pamiatki.leszno.pl\/wp-content\/uploads\/IMG-3187-350x350.jpg 350w\" sizes=\"(max-width: 300px) 100vw, 300px\" \/><a rel=\"nofollow\" href=\"\/index.php\/wp-json\/wp\/v2\/pages\/15?add-to-cart=905\" data-quantity=\"1\" data-product_id=\"905\" data-product_sku=\"\" class=\"button product_type_simple add_to_cart_button ajax_add_to_cart\">Dodaj do koszyka<\/a><h2 class=\"woocommerce-loop-product__title\">Pa\u0144stwowe Liceum Pedagogiczne w Lesznie<\/h2>\n\t<span class=\"price\"><span class=\"woocommerce-Price-amount amount\">27,30&nbsp;<span class=\"woocommerce-Price-currencySymbol\">&#122;&#322;<\/span><\/span><\/span>\n<\/a>\n<\/li>\n<li class=\"last post-1113 product type-product status-publish has-post-thumbnail product_cat-pozostale first instock shipping-taxable purchasable product-type-simple\">\n\n\t<a href=\"http:\/\/pamiatki.leszno.pl\/index.php\/produkt\/pin-orzel\/\" class=\"woocommerce-LoopProduct-link woocommerce-loop-product__link\"><img width=\"300\" height=\"300\" src=\"http:\/\/pamiatki.leszno.pl\/wp-content\/uploads\/IMG-7506-min-300x300.jpg\" class=\"attachment-woocommerce_thumbnail size-woocommerce_thumbnail wp-post-image\" alt=\"\" decoding=\"async\" loading=\"lazy\" srcset=\"http:\/\/pamiatki.leszno.pl\/wp-content\/uploads\/IMG-7506-min-300x300.jpg 300w, http:\/\/pamiatki.leszno.pl\/wp-content\/uploads\/IMG-7506-min-100x100.jpg 100w, http:\/\/pamiatki.leszno.pl\/wp-content\/uploads\/IMG-7506-min-600x600.jpg 600w, http:\/\/pamiatki.leszno.pl\/wp-content\/uploads\/IMG-7506-min-350x350.jpg 350w\" sizes=\"(max-width: 300px) 100vw, 300px\" \/><a rel=\"nofollow\" href=\"\/index.php\/wp-json\/wp\/v2\/pages\/15?add-to-cart=1113\" data-quantity=\"1\" data-product_id=\"1113\" data-product_sku=\"\" class=\"button product_type_simple add_to_cart_button ajax_add_to_cart\">Dodaj do koszyka<\/a><h2 class=\"woocommerce-loop-product__title\">Pin &#8211; Orze\u0142<\/h2>\n\t<span class=\"price\"><span class=\"woocommerce-Price-amount amount\">5,04&nbsp;<span class=\"woocommerce-Price-currencySymbol\">&#122;&#322;<\/span><\/span><\/span>\n<\/a>\n<\/li>\n<li class=\"post-1111 product type-product status-publish has-post-thumbnail product_cat-pozostale last instock shipping-taxable purchasable product-type-simple\">\n\n\t<a href=\"http:\/\/pamiatki.leszno.pl\/index.php\/produkt\/pin-tarcza-logo-powiat-leszczynski\/\" class=\"woocommerce-LoopProduct-link woocommerce-loop-product__link\"><img width=\"300\" height=\"300\" src=\"http:\/\/pamiatki.leszno.pl\/wp-content\/uploads\/IMG-7504-min-300x300.jpg\" class=\"attachment-woocommerce_thumbnail size-woocommerce_thumbnail wp-post-image\" alt=\"\" decoding=\"async\" loading=\"lazy\" srcset=\"http:\/\/pamiatki.leszno.pl\/wp-content\/uploads\/IMG-7504-min-300x300.jpg 300w, http:\/\/pamiatki.leszno.pl\/wp-content\/uploads\/IMG-7504-min-100x100.jpg 100w, http:\/\/pamiatki.leszno.pl\/wp-content\/uploads\/IMG-7504-min-600x600.jpg 600w, http:\/\/pamiatki.leszno.pl\/wp-content\/uploads\/IMG-7504-min-350x350.jpg 350w\" sizes=\"(max-width: 300px) 100vw, 300px\" \/><a rel=\"nofollow\" href=\"\/index.php\/wp-json\/wp\/v2\/pages\/15?add-to-cart=1111\" data-quantity=\"1\" data-product_id=\"1111\" data-product_sku=\"\" class=\"button product_type_simple add_to_cart_button ajax_add_to_cart\">Dodaj do koszyka<\/a><h2 class=\"woocommerce-loop-product__title\">pin tarcza logo Powiat Leszczy\u0144ski<\/h2>\n\t<span class=\"price\"><span class=\"woocommerce-Price-amount amount\">3,70&nbsp;<span class=\"woocommerce-Price-currencySymbol\">&#122;&#322;<\/span><\/span><\/span>\n<\/a>\n<\/li>\n<li class=\"first post-1109 product type-product status-publish has-post-thumbnail product_cat-pozostale  instock shipping-taxable purchasable product-type-simple\">\n\n\t<a href=\"http:\/\/pamiatki.leszno.pl\/index.php\/produkt\/pin-tarcza-z-herbem-leszna\/\" class=\"woocommerce-LoopProduct-link woocommerce-loop-product__link\"><img width=\"300\" height=\"300\" src=\"http:\/\/pamiatki.leszno.pl\/wp-content\/uploads\/IMG-7503-min-300x300.jpg\" class=\"attachment-woocommerce_thumbnail size-woocommerce_thumbnail wp-post-image\" alt=\"\" decoding=\"async\" loading=\"lazy\" srcset=\"http:\/\/pamiatki.leszno.pl\/wp-content\/uploads\/IMG-7503-min-300x300.jpg 300w, http:\/\/pamiatki.leszno.pl\/wp-content\/uploads\/IMG-7503-min-100x100.jpg 100w, http:\/\/pamiatki.leszno.pl\/wp-content\/uploads\/IMG-7503-min-600x600.jpg 600w, http:\/\/pamiatki.leszno.pl\/wp-content\/uploads\/IMG-7503-min-350x350.jpg 350w\" sizes=\"(max-width: 300px) 100vw, 300px\" \/><a rel=\"nofollow\" href=\"\/index.php\/wp-json\/wp\/v2\/pages\/15?add-to-cart=1109\" data-quantity=\"1\" data-product_id=\"1109\" data-product_sku=\"\" class=\"button product_type_simple add_to_cart_button ajax_add_to_cart\">Dodaj do koszyka<\/a><h2 class=\"woocommerce-loop-product__title\">Pin tarcza z herbem Leszna<\/h2>\n\t<span class=\"price\"><span class=\"woocommerce-Price-amount amount\">6,00&nbsp;<span class=\"woocommerce-Price-currencySymbol\">&#122;&#322;<\/span><\/span><\/span>\n<\/a>\n<\/li>\n<li class=\"last post-391 product type-product status-publish has-post-thumbnail product_cat-ksiazki first instock shipping-taxable purchasable product-type-simple\">\n\n\t<a href=\"http:\/\/pamiatki.leszno.pl\/index.php\/produkt\/przewodnik-po-lesznie-i-okolicy\/\" class=\"woocommerce-LoopProduct-link woocommerce-loop-product__link\"><img width=\"300\" height=\"300\" src=\"http:\/\/pamiatki.leszno.pl\/wp-content\/uploads\/1780-300x300.jpg\" class=\"attachment-woocommerce_thumbnail size-woocommerce_thumbnail wp-post-image\" alt=\"\" decoding=\"async\" loading=\"lazy\" srcset=\"http:\/\/pamiatki.leszno.pl\/wp-content\/uploads\/1780-300x300.jpg 300w, http:\/\/pamiatki.leszno.pl\/wp-content\/uploads\/1780-150x150.jpg 150w, http:\/\/pamiatki.leszno.pl\/wp-content\/uploads\/1780-600x600.jpg 600w, http:\/\/pamiatki.leszno.pl\/wp-content\/uploads\/1780-350x350.jpg 350w, http:\/\/pamiatki.leszno.pl\/wp-content\/uploads\/1780-100x100.jpg 100w\" sizes=\"(max-width: 300px) 100vw, 300px\" \/><a rel=\"nofollow\" href=\"\/index.php\/wp-json\/wp\/v2\/pages\/15?add-to-cart=391\" data-quantity=\"1\" data-product_id=\"391\" data-product_sku=\"\" class=\"button product_type_simple add_to_cart_button ajax_add_to_cart\">Dodaj do koszyka<\/a><h2 class=\"woocommerce-loop-product__title\">Przewodnik po Lesznie i okolicy<\/h2>\n\t<span class=\"price\"><span class=\"woocommerce-Price-amount amount\">14,18&nbsp;<span class=\"woocommerce-Price-currencySymbol\">&#122;&#322;<\/span><\/span><\/span>\n<\/a>\n<\/li>\n<li class=\"post-892 product type-product status-publish has-post-thumbnail product_cat-pozostale last instock shipping-taxable purchasable product-type-simple\">\n\n\t<a href=\"http:\/\/pamiatki.leszno.pl\/index.php\/produkt\/puzzle-panorama-leszna\/\" class=\"woocommerce-LoopProduct-link woocommerce-loop-product__link\"><img width=\"300\" height=\"300\" src=\"http:\/\/pamiatki.leszno.pl\/wp-content\/uploads\/puzle-min-300x300.jpg\" class=\"attachment-woocommerce_thumbnail size-woocommerce_thumbnail wp-post-image\" alt=\"\" decoding=\"async\" loading=\"lazy\" srcset=\"http:\/\/pamiatki.leszno.pl\/wp-content\/uploads\/puzle-min-300x300.jpg 300w, http:\/\/pamiatki.leszno.pl\/wp-content\/uploads\/puzle-min-100x100.jpg 100w, http:\/\/pamiatki.leszno.pl\/wp-content\/uploads\/puzle-min-600x600.jpg 600w, http:\/\/pamiatki.leszno.pl\/wp-content\/uploads\/puzle-min-350x350.jpg 350w\" sizes=\"(max-width: 300px) 100vw, 300px\" \/><a rel=\"nofollow\" href=\"\/index.php\/wp-json\/wp\/v2\/pages\/15?add-to-cart=892\" data-quantity=\"1\" data-product_id=\"892\" data-product_sku=\"\" class=\"button product_type_simple add_to_cart_button ajax_add_to_cart\">Dodaj do koszyka<\/a><h2 class=\"woocommerce-loop-product__title\">Puzzle &#8211; Panorama Leszna<\/h2>\n\t<span class=\"price\"><span class=\"woocommerce-Price-amount amount\">27,00&nbsp;<span class=\"woocommerce-Price-currencySymbol\">&#122;&#322;<\/span><\/span><\/span>\n<\/a>\n<\/li>\n<li class=\"first post-377 product type-product status-publish has-post-thumbnail product_cat-ksiazki  instock shipping-taxable purchasable product-type-simple\">\n\n\t<a href=\"http:\/\/pamiatki.leszno.pl\/index.php\/produkt\/slownik-biograficzny-leszna\/\" class=\"woocommerce-LoopProduct-link woocommerce-loop-product__link\"><img width=\"300\" height=\"300\" src=\"http:\/\/pamiatki.leszno.pl\/wp-content\/uploads\/70-300x300.jpg\" class=\"attachment-woocommerce_thumbnail size-woocommerce_thumbnail wp-post-image\" alt=\"\" decoding=\"async\" loading=\"lazy\" srcset=\"http:\/\/pamiatki.leszno.pl\/wp-content\/uploads\/70-300x300.jpg 300w, http:\/\/pamiatki.leszno.pl\/wp-content\/uploads\/70-150x150.jpg 150w, http:\/\/pamiatki.leszno.pl\/wp-content\/uploads\/70-600x600.jpg 600w, http:\/\/pamiatki.leszno.pl\/wp-content\/uploads\/70-350x350.jpg 350w, http:\/\/pamiatki.leszno.pl\/wp-content\/uploads\/70-100x100.jpg 100w\" sizes=\"(max-width: 300px) 100vw, 300px\" \/><a rel=\"nofollow\" href=\"\/index.php\/wp-json\/wp\/v2\/pages\/15?add-to-cart=377\" data-quantity=\"1\" data-product_id=\"377\" data-product_sku=\"\" class=\"button product_type_simple add_to_cart_button ajax_add_to_cart\">Dodaj do koszyka<\/a><h2 class=\"woocommerce-loop-product__title\">S\u0142ownik Biograficzny Leszna<\/h2>\n\t<span class=\"price\"><span class=\"woocommerce-Price-amount amount\">55,65&nbsp;<span class=\"woocommerce-Price-currencySymbol\">&#122;&#322;<\/span><\/span><\/span>\n<\/a>\n<\/li>\n<li class=\"last post-852 product type-product status-publish has-post-thumbnail product_cat-pozostale first instock shipping-taxable purchasable product-type-simple\">\n\n\t<a href=\"http:\/\/pamiatki.leszno.pl\/index.php\/produkt\/smycz-zlesznoseeunow\/\" class=\"woocommerce-LoopProduct-link woocommerce-loop-product__link\"><img width=\"300\" height=\"300\" src=\"http:\/\/pamiatki.leszno.pl\/wp-content\/uploads\/PHOTO-2020-12-11-11-52-31_7-300x300.jpg\" class=\"attachment-woocommerce_thumbnail size-woocommerce_thumbnail wp-post-image\" alt=\"\" decoding=\"async\" loading=\"lazy\" srcset=\"http:\/\/pamiatki.leszno.pl\/wp-content\/uploads\/PHOTO-2020-12-11-11-52-31_7-300x300.jpg 300w, http:\/\/pamiatki.leszno.pl\/wp-content\/uploads\/PHOTO-2020-12-11-11-52-31_7-100x100.jpg 100w, http:\/\/pamiatki.leszno.pl\/wp-content\/uploads\/PHOTO-2020-12-11-11-52-31_7-350x350.jpg 350w\" sizes=\"(max-width: 300px) 100vw, 300px\" \/><a rel=\"nofollow\" href=\"\/index.php\/wp-json\/wp\/v2\/pages\/15?add-to-cart=852\" data-quantity=\"1\" data-product_id=\"852\" data-product_sku=\"\" class=\"button product_type_simple add_to_cart_button ajax_add_to_cart\">Dodaj do koszyka<\/a><h2 class=\"woocommerce-loop-product__title\">Smycz z herbem oraz has\u0142em #LESZNOseeUnow<\/h2>\n\t<span class=\"price\"><span class=\"woocommerce-Price-amount amount\">1,62&nbsp;<span class=\"woocommerce-Price-currencySymbol\">&#122;&#322;<\/span><\/span><\/span>\n<\/a>\n<\/li>\n<li class=\"post-639 product type-product status-publish has-post-thumbnail product_cat-pozostale last instock shipping-taxable purchasable product-type-simple\">\n\n\t<a href=\"http:\/\/pamiatki.leszno.pl\/index.php\/produkt\/smycz-100-lecie\/\" class=\"woocommerce-LoopProduct-link woocommerce-loop-product__link\"><img width=\"300\" height=\"300\" src=\"http:\/\/pamiatki.leszno.pl\/wp-content\/uploads\/online_011-300x300.jpg\" class=\"attachment-woocommerce_thumbnail size-woocommerce_thumbnail wp-post-image\" alt=\"\" decoding=\"async\" loading=\"lazy\" srcset=\"http:\/\/pamiatki.leszno.pl\/wp-content\/uploads\/online_011-300x300.jpg 300w, http:\/\/pamiatki.leszno.pl\/wp-content\/uploads\/online_011-150x150.jpg 150w, http:\/\/pamiatki.leszno.pl\/wp-content\/uploads\/online_011-600x600.jpg 600w, http:\/\/pamiatki.leszno.pl\/wp-content\/uploads\/online_011-350x350.jpg 350w, http:\/\/pamiatki.leszno.pl\/wp-content\/uploads\/online_011-100x100.jpg 100w\" sizes=\"(max-width: 300px) 100vw, 300px\" \/><a rel=\"nofollow\" href=\"\/index.php\/wp-json\/wp\/v2\/pages\/15?add-to-cart=639\" data-quantity=\"1\" data-product_id=\"639\" data-product_sku=\"\" class=\"button product_type_simple add_to_cart_button ajax_add_to_cart\">Dodaj do koszyka<\/a><h2 class=\"woocommerce-loop-product__title\">Smycz z logo &#8222;LESZNO 100 lat odzyskania niepodleg\u0142o\u015bci&#8221;<\/h2>\n\t<span class=\"price\"><span class=\"woocommerce-Price-amount amount\">1,62&nbsp;<span class=\"woocommerce-Price-currencySymbol\">&#122;&#322;<\/span><\/span><\/span>\n<\/a>\n<\/li>\n<li class=\"first post-1184 product type-product status-publish has-post-thumbnail product_cat-ksiazki  instock shipping-taxable purchasable product-type-simple\">\n\n\t<a href=\"http:\/\/pamiatki.leszno.pl\/index.php\/produkt\/stanislaw-leszczynski-krol-polonus\/\" class=\"woocommerce-LoopProduct-link woocommerce-loop-product__link\"><img width=\"300\" height=\"300\" src=\"http:\/\/pamiatki.leszno.pl\/wp-content\/uploads\/PhotoRoom-20231019-113648-300x300.jpg\" class=\"attachment-woocommerce_thumbnail size-woocommerce_thumbnail wp-post-image\" alt=\"\" decoding=\"async\" loading=\"lazy\" srcset=\"http:\/\/pamiatki.leszno.pl\/wp-content\/uploads\/PhotoRoom-20231019-113648-300x300.jpg 300w, http:\/\/pamiatki.leszno.pl\/wp-content\/uploads\/PhotoRoom-20231019-113648-100x100.jpg 100w, http:\/\/pamiatki.leszno.pl\/wp-content\/uploads\/PhotoRoom-20231019-113648-600x600.jpg 600w, http:\/\/pamiatki.leszno.pl\/wp-content\/uploads\/PhotoRoom-20231019-113648-350x350.jpg 350w\" sizes=\"(max-width: 300px) 100vw, 300px\" \/><a rel=\"nofollow\" href=\"\/index.php\/wp-json\/wp\/v2\/pages\/15?add-to-cart=1184\" data-quantity=\"1\" data-product_id=\"1184\" data-product_sku=\"\" class=\"button product_type_simple add_to_cart_button ajax_add_to_cart\">Dodaj do koszyka<\/a><h2 class=\"woocommerce-loop-product__title\">Stanis\u0142aw Leszczy\u0144ski &#8211; Kr\u00f3l Polonus<\/h2>\n\t<span class=\"price\"><span class=\"woocommerce-Price-amount amount\">60,00&nbsp;<span class=\"woocommerce-Price-currencySymbol\">&#122;&#322;<\/span><\/span><\/span>\n<\/a>\n<\/li>\n<li class=\"last post-322 product type-product status-publish has-post-thumbnail product_cat-ksiazki first instock shipping-taxable purchasable product-type-simple\">\n\n\t<a href=\"http:\/\/pamiatki.leszno.pl\/index.php\/produkt\/szlachetna-sztuka-druku\/\" class=\"woocommerce-LoopProduct-link woocommerce-loop-product__link\"><img width=\"300\" height=\"300\" src=\"http:\/\/pamiatki.leszno.pl\/wp-content\/uploads\/Szlachetna-Sztuka-Druku-1.jpg\" class=\"attachment-woocommerce_thumbnail size-woocommerce_thumbnail wp-post-image\" alt=\"\" decoding=\"async\" loading=\"lazy\" srcset=\"http:\/\/pamiatki.leszno.pl\/wp-content\/uploads\/Szlachetna-Sztuka-Druku-1.jpg 300w, http:\/\/pamiatki.leszno.pl\/wp-content\/uploads\/Szlachetna-Sztuka-Druku-1-150x150.jpg 150w, http:\/\/pamiatki.leszno.pl\/wp-content\/uploads\/Szlachetna-Sztuka-Druku-1-100x100.jpg 100w\" sizes=\"(max-width: 300px) 100vw, 300px\" \/><a rel=\"nofollow\" href=\"\/index.php\/wp-json\/wp\/v2\/pages\/15?add-to-cart=322\" data-quantity=\"1\" data-product_id=\"322\" data-product_sku=\"\" class=\"button product_type_simple add_to_cart_button ajax_add_to_cart\">Dodaj do koszyka<\/a><h2 class=\"woocommerce-loop-product__title\">Szlachetna Sztuka Druku<\/h2>\n\t<span class=\"price\"><span class=\"woocommerce-Price-amount amount\">16,28&nbsp;<span class=\"woocommerce-Price-currencySymbol\">&#122;&#322;<\/span><\/span><\/span>\n<\/a>\n<\/li>\n<li class=\"post-1316 product type-product status-publish has-post-thumbnail last instock shipping-taxable purchasable product-type-simple\">\n\n\t<a href=\"http:\/\/pamiatki.leszno.pl\/index.php\/produkt\/torba-bawelniana-leszczynskie\/\" class=\"woocommerce-LoopProduct-link woocommerce-loop-product__link\"><img width=\"300\" height=\"300\" src=\"http:\/\/pamiatki.leszno.pl\/wp-content\/uploads\/Torba-Karty-min-300x300.jpg\" class=\"attachment-woocommerce_thumbnail size-woocommerce_thumbnail wp-post-image\" alt=\"\" decoding=\"async\" loading=\"lazy\" srcset=\"http:\/\/pamiatki.leszno.pl\/wp-content\/uploads\/Torba-Karty-min-300x300.jpg 300w, http:\/\/pamiatki.leszno.pl\/wp-content\/uploads\/Torba-Karty-min-100x100.jpg 100w, http:\/\/pamiatki.leszno.pl\/wp-content\/uploads\/Torba-Karty-min-600x600.jpg 600w, http:\/\/pamiatki.leszno.pl\/wp-content\/uploads\/Torba-Karty-min-350x350.jpg 350w\" sizes=\"(max-width: 300px) 100vw, 300px\" \/><a rel=\"nofollow\" href=\"\/index.php\/wp-json\/wp\/v2\/pages\/15?add-to-cart=1316\" data-quantity=\"1\" data-product_id=\"1316\" data-product_sku=\"\" class=\"button product_type_simple add_to_cart_button ajax_add_to_cart\">Dodaj do koszyka<\/a><h2 class=\"woocommerce-loop-product__title\">Torba bawe\u0142niana Leszczy\u0144skie.<\/h2>\n\t<span class=\"price\"><span class=\"woocommerce-Price-amount amount\">15,74&nbsp;<span class=\"woocommerce-Price-currencySymbol\">&#122;&#322;<\/span><\/span><\/span>\n<\/a>\n<\/li>\n<li class=\"first post-1336 product type-product status-publish has-post-thumbnail  instock shipping-taxable purchasable product-type-simple\">\n\n\t<a href=\"http:\/\/pamiatki.leszno.pl\/index.php\/produkt\/z-glowa-w-chmurach-wspomnienia-adela-dankowska\/\" class=\"woocommerce-LoopProduct-link woocommerce-loop-product__link\"><img width=\"300\" height=\"300\" src=\"http:\/\/pamiatki.leszno.pl\/wp-content\/uploads\/20250929_144700-300x300.jpg\" class=\"attachment-woocommerce_thumbnail size-woocommerce_thumbnail wp-post-image\" alt=\"\" decoding=\"async\" loading=\"lazy\" srcset=\"http:\/\/pamiatki.leszno.pl\/wp-content\/uploads\/20250929_144700-300x300.jpg 300w, http:\/\/pamiatki.leszno.pl\/wp-content\/uploads\/20250929_144700-100x100.jpg 100w, http:\/\/pamiatki.leszno.pl\/wp-content\/uploads\/20250929_144700-600x600.jpg 600w, http:\/\/pamiatki.leszno.pl\/wp-content\/uploads\/20250929_144700-350x350.jpg 350w\" sizes=\"(max-width: 300px) 100vw, 300px\" \/><a rel=\"nofollow\" href=\"\/index.php\/wp-json\/wp\/v2\/pages\/15?add-to-cart=1336\" data-quantity=\"1\" data-product_id=\"1336\" data-product_sku=\"\" class=\"button product_type_simple add_to_cart_button ajax_add_to_cart\">Dodaj do koszyka<\/a><h2 class=\"woocommerce-loop-product__title\">Z g\u0142ow\u0105 w chmurach &#8211; Wspomnienia. Adela Dankowska<\/h2>\n\t<span class=\"price\"><span class=\"woocommerce-Price-amount amount\">60,00&nbsp;<span class=\"woocommerce-Price-currencySymbol\">&#122;&#322;<\/span><\/span><\/span>\n<\/a>\n<\/li>\n<li class=\"last post-970 product type-product status-publish has-post-thumbnail product_cat-pozostale first instock shipping-taxable purchasable product-type-simple\">\n\n\t<a href=\"http:\/\/pamiatki.leszno.pl\/index.php\/produkt\/zakladka-do-ksiazki\/\" class=\"woocommerce-LoopProduct-link woocommerce-loop-product__link\"><img width=\"300\" height=\"300\" src=\"http:\/\/pamiatki.leszno.pl\/wp-content\/uploads\/IMG-9772-min-300x300.jpg\" class=\"attachment-woocommerce_thumbnail size-woocommerce_thumbnail wp-post-image\" alt=\"\" decoding=\"async\" loading=\"lazy\" srcset=\"http:\/\/pamiatki.leszno.pl\/wp-content\/uploads\/IMG-9772-min-300x300.jpg 300w, http:\/\/pamiatki.leszno.pl\/wp-content\/uploads\/IMG-9772-min-100x100.jpg 100w, http:\/\/pamiatki.leszno.pl\/wp-content\/uploads\/IMG-9772-min-600x600.jpg 600w, http:\/\/pamiatki.leszno.pl\/wp-content\/uploads\/IMG-9772-min-350x350.jpg 350w\" sizes=\"(max-width: 300px) 100vw, 300px\" \/><a rel=\"nofollow\" href=\"\/index.php\/wp-json\/wp\/v2\/pages\/15?add-to-cart=970\" data-quantity=\"1\" data-product_id=\"970\" data-product_sku=\"\" class=\"button product_type_simple add_to_cart_button ajax_add_to_cart\">Dodaj do koszyka<\/a><h2 class=\"woocommerce-loop-product__title\">Zak\u0142adka do ksi\u0105zki<\/h2>\n\t<span class=\"price\"><span class=\"woocommerce-Price-amount amount\">1,66&nbsp;<span class=\"woocommerce-Price-currencySymbol\">&#122;&#322;<\/span><\/span><\/span>\n<\/a>\n<\/li>\n<li class=\"post-1296 product type-product status-publish has-post-thumbnail product_cat-pozostale last instock shipping-taxable purchasable product-type-simple\">\n\n\t<a href=\"http:\/\/pamiatki.leszno.pl\/index.php\/produkt\/znaczek-turystyczny-ratusz-w-lesznie\/\" class=\"woocommerce-LoopProduct-link woocommerce-loop-product__link\"><img width=\"300\" height=\"300\" src=\"http:\/\/pamiatki.leszno.pl\/wp-content\/uploads\/IMG-1606-300x300.jpg\" class=\"attachment-woocommerce_thumbnail size-woocommerce_thumbnail wp-post-image\" alt=\"\" decoding=\"async\" loading=\"lazy\" srcset=\"http:\/\/pamiatki.leszno.pl\/wp-content\/uploads\/IMG-1606-300x300.jpg 300w, http:\/\/pamiatki.leszno.pl\/wp-content\/uploads\/IMG-1606-100x100.jpg 100w, http:\/\/pamiatki.leszno.pl\/wp-content\/uploads\/IMG-1606-600x600.jpg 600w, http:\/\/pamiatki.leszno.pl\/wp-content\/uploads\/IMG-1606-350x350.jpg 350w\" sizes=\"(max-width: 300px) 100vw, 300px\" \/><a rel=\"nofollow\" href=\"\/index.php\/wp-json\/wp\/v2\/pages\/15?add-to-cart=1296\" data-quantity=\"1\" data-product_id=\"1296\" data-product_sku=\"\" class=\"button product_type_simple add_to_cart_button ajax_add_to_cart\">Dodaj do koszyka<\/a><h2 class=\"woocommerce-loop-product__title\">Znaczek Turystyczny &#8211; Ratusz w Lesznie<\/h2>\n\t<span class=\"price\"><span class=\"woocommerce-Price-amount amount\">7,38&nbsp;<span class=\"woocommerce-Price-currencySymbol\">&#122;&#322;<\/span><\/span><\/span>\n<\/a>\n<\/li>\n<\/ul>\n<\/div>[\/vc_column][vc_column width=&#8221;1\/3&#8243;][\/vc_column][\/vc_row]<\/p>\n","protected":false},"excerpt":{"rendered":"<p>[vc_row top_padding=&#8221;60&#8243; bottom_padding=&#8221;60&#8243;][vc_column width=&#8221;1\/3&#8243; centered_cont=&#8221;true&#8221; centered_cont_vertical=&#8221;true&#8221; css=&#8221;.vc_custom_1582799389637{border-top-width: 60px !important;border-right-width: 60px !important;border-bottom-width: 60px !important;border-left-width: 60px !important;padding-top: 60px !important;padding-right: 60px !important;padding-bottom: 60px !important;padding-left: 60px !important;background-position: 0 0 !important;background-repeat: repeat !important;}&#8221;][services_media photo=&#8221;675&#8243; link=&#8221;www.leszno.pl&#8221;][\/services_media][vc_empty_space][vc_column_text css_animation=&#8221;appear&#8221;] LESZNO [\/vc_column_text][\/vc_column][vc_column width=&#8221;1\/3&#8243; centered_cont=&#8221;true&#8221; centered_cont_vertical=&#8221;true&#8221; css=&#8221;.vc_custom_1582799359150{margin: 0px !important;border-width: 60px !important;padding: 60px !important;}&#8221;][services_media photo=&#8221;1083&#8243; link=&#8221;www.lesznoregion.pl&#8221;][\/services_media][vc_empty_space height=&#8221;80px&#8221;][vc_column_text css_animation=&#8221;appear&#8221;] ROZWI\u0143 [\/vc_column_text][\/vc_column][vc_column width=&#8221;1\/3&#8243; centered_cont=&#8221;true&#8221; centered_cont_vertical=&#8221;true&#8221; css=&#8221;.vc_custom_1582799375966{margin-top: 0px !important;margin-right: [&hellip;]<\/p>\n","protected":false},"author":1,"featured_media":0,"parent":0,"menu_order":0,"comment_status":"open","ping_status":"open","template":"","meta":[],"_links":{"self":[{"href":"http:\/\/pamiatki.leszno.pl\/index.php\/wp-json\/wp\/v2\/pages\/15"}],"collection":[{"href":"http:\/\/pamiatki.leszno.pl\/index.php\/wp-json\/wp\/v2\/pages"}],"about":[{"href":"http:\/\/pamiatki.leszno.pl\/index.php\/wp-json\/wp\/v2\/types\/page"}],"author":[{"embeddable":true,"href":"http:\/\/pamiatki.leszno.pl\/index.php\/wp-json\/wp\/v2\/users\/1"}],"replies":[{"embeddable":true,"href":"http:\/\/pamiatki.leszno.pl\/index.php\/wp-json\/wp\/v2\/comments?post=15"}],"version-history":[{"count":88,"href":"http:\/\/pamiatki.leszno.pl\/index.php\/wp-json\/wp\/v2\/pages\/15\/revisions"}],"predecessor-version":[{"id":1085,"href":"http:\/\/pamiatki.leszno.pl\/index.php\/wp-json\/wp\/v2\/pages\/15\/revisions\/1085"}],"wp:attachment":[{"href":"http:\/\/pamiatki.leszno.pl\/index.php\/wp-json\/wp\/v2\/media?parent=15"}],"curies":[{"name":"wp","href":"https:\/\/api.w.org\/{rel}","templated":true}]}}